{"id":923,"date":"2023-06-15T14:00:11","date_gmt":"2023-06-15T12:00:11","guid":{"rendered":"https:\/\/www.meyer-lohne.de\/produkte\/rekordia-der-guellewagen\/"},"modified":"2023-11-10T20:30:12","modified_gmt":"2023-11-10T19:30:12","slug":"rekordia-der-guellewagen","status":"publish","type":"page","link":"https:\/\/www.meyer-lohne.de\/en\/produkte\/rekordia-der-guellewagen\/","title":{"rendered":"REKORDIA \u2013 Der G\u00fcl\u00adle\u00adwa\u00adgen"},"content":{"rendered":"<div class=\"wpb-content-wrapper\"><p>[vc_row full_width=\u201cstretch_row_content_no_spaces\u201d][vc_column][vc_row_inner][vc_column_inner]            <\/p><div class=\"iw_header_image \">\n                <div class=\"iw_header_image_image_wrapper\">\n                    <div class=\"iw_header_image_image_rescue\"><\/div>\n                    <div class=\"picture-tag-wrapper\">\n                                        <picture>\n                    <source media=\"(max-width: 465px)\" srcset=\"https:\/\/www.meyer-lohne.de\/wp-content\/uploads\/2023\/11\/sml-image-header-rekordia-01-3.jpg\">\n                    <source media=\"(max-width: 860px)\" srcset=\"https:\/\/www.meyer-lohne.de\/wp-content\/uploads\/2023\/11\/sml-image-header-rekordia-01-2.jpg\">\n                    <img decoding=\"async\" src=\"https:\/\/www.meyer-lohne.de\/wp-content\/uploads\/2023\/11\/sml-image-header-rekordia-01-1.jpg\" title=\"sml-image-header-rekordia-01\u20131\" alt width=\"2400\" height=\"1000\" style=\"width: 100%; height: 100%; object-fit: cover\" loading=\"lazy\">\n                <\/picture>\n                    <\/div>\n                <\/div>\n                \n                            <div class=\"iw_header_image_image_content\">\n                \n            <\/div>\n\n                \n            <\/div>\n\n[\/vc_column_inner][\/vc_row_inner][\/vc_column][\/vc_row][vc_row full_width=\u201cstretch_row\u201d][vc_column][vc_row_inner][vc_column_inner offset=\u201cvc_hidden-xs\u201d][vc_empty_space height=\u201c50px\u201d][\/vc_column_inner][\/vc_row_inner][vc_row_inner][vc_column_inner][vc_empty_space height=\u201c50px\u201d][\/vc_column_inner][\/vc_row_inner][vc_row_inner][vc_column_inner width=\u201c2\/3\u201d][vc_column_text css=\u201d.vc_custom_1697719642309{margin-bottom: 10px !important;}\u201d]\n<h1>REKORDIA\u00ae \u2013 Der G\u00fcl\u00adle\u00adwa\u00adgen<\/h1>\n<p>[\/vc_column_text][vc_column_text]<\/p>\n<h3><span style=\"color: #ae2135;\">Der Name REKORDIA\u00ae steht seit \u00fcber f\u00fcnf Jahr\u00adzehn\u00adten f\u00fcr zuver\u00adl\u00e4s\u00adsige und wirt\u00adschaft\u00adli\u00adche G\u00fcl\u00adle\u00adfahr\u00adzeuge hand\u00admade by Meyer-Lohne.<\/span><\/h3>\n<p>[\/vc_column_text][vc_empty_space height=\u201c25px\u201d][vc_column_text]REKORDIA\u00ae-G\u00fcllewagen k\u00f6n\u00adnen auf Ihre spe\u00adzi\u00adel\u00adlen Anfor\u00adde\u00adrun\u00adgen zuge\u00adschnit\u00adten wer\u00adden. Eigene Ent\u00adwick\u00adlun\u00adgen und modernste Fer\u00adti\u00adgungs\u00adme\u00adtho\u00adden gew\u00e4hr\u00adleis\u00adten Ihnen ein H\u00f6chst\u00adma\u00df an Qua\u00adli\u00adt\u00e4t. Wir set\u00adzen neu\u00adeste EDV-und CAD-Tech\u00adni\u00adken ein und schaf\u00adfen so opti\u00admale Pro\u00adduk\u00adti\u00adons\u00adab\u00adl\u00e4ufe. \u201eHand\u00admade by Meyer-Lohne\u201c steht auch f\u00fcr Wert\u00adsta\u00adbi\u00adli\u00adt\u00e4t zu Ihrem Vor\u00adteil. Dies gilt beson\u00adders auch f\u00fcr Fahrwerks\u2011, Pum\u00adpen- und pflan\u00adzen\u00adscho\u00adnende Aus\u00adbring\u00adtech\u00adnik. Wir decken die gesamte Aus\u00adbring\u00adkette ab: Tank\u00adwa\u00adgen, Zubrin\u00adger, Ver\u00adteil\u00adtech\u00adni\u00adken und Ver\u00adschlau\u00adchungs\u00adsys\u00adteme. Sagen Sie uns, was Sie brau\u00adchen, wir fin\u00adden die L\u00f6sung.[\/vc_column_text][vc_empty_space height=\u201c25px\u201d][\/vc_column_inner][vc_column_inner width=\u201c1\/3\u201d][\/vc_column_inner][\/vc_row_inner][\/vc_column][\/vc_row][vc_row full_width=\u201cstretch_row\u201d][vc_column]            <\/p><div class=\"iw_anchor \">\n                <div id=\"farmer\" class=\"iw_anchor_element\" style=\"top: -100px\"><\/div>\n            <\/div>\n[vc_row_inner][vc_column_inner offset=\u201cvc_hidden-xs\u201d][vc_empty_space height=\u201c50px\u201d][\/vc_column_inner][\/vc_row_inner][vc_row_inner][vc_column_inner][vc_empty_space height=\u201c50px\u201d][\/vc_column_inner][\/vc_row_inner][vc_row_inner][vc_column_inner width=\u201c2\/3\u201d]            <div class=\"sml_highlight_headline \">\n            \n                <div class=\"square_wrapper\">  \n                    <svg width=\"24\" height=\"24\" viewBox=\"0 0 24 24\">\n                  <rect id=\"sml_square_01\" data-name=\"SML Square 1\" width=\"24\" height=\"24\" fill=\"#d7102d\" \/>\n                <\/svg>\n                    <svg width=\"24\" height=\"24\" viewBox=\"0 0 24 24\">\n                  <rect id=\"sml_square_01\" data-name=\"SML Square 1\" width=\"24\" height=\"24\" fill=\"#d7102d\" \/>\n                <\/svg>\n                    <svg width=\"24\" height=\"24\" viewBox=\"0 0 24 24\">\n                  <rect id=\"sml_square_01\" data-name=\"SML Square 1\" width=\"24\" height=\"24\" fill=\"#d7102d\" \/>\n                <\/svg>\n                    <svg width=\"24\" height=\"24\" viewBox=\"0 0 24 24\">\n                  <rect id=\"sml_square_01\" data-name=\"SML Square 1\" width=\"24\" height=\"24\" fill=\"#d7102d\" \/>\n                <\/svg>\n                    <svg width=\"24\" height=\"24\" viewBox=\"0 0 24 24\">\n                  <rect id=\"sml_square_01\" data-name=\"SML Square 1\" width=\"24\" height=\"24\" fill=\"#d7102d\" \/>\n                <\/svg>\n                    <svg width=\"24\" height=\"24\" viewBox=\"0 0 24 24\">\n                  <rect id=\"sml_square_01\" data-name=\"SML Square 1\" width=\"24\" height=\"24\" fill=\"#d7102d\" \/>\n                <\/svg>\n                    <div class=\"clearfix\"><\/div>\n                <\/div>\n                \n                <div class=\"text_wrapper\">\n                    <h2>REKORDIA FARMER-LINE<\/h2>\n                <\/div>\n               \n                <div class=\"clearfix\"><\/div>\n                \n            <\/div>[vc_empty_space height=\u201c10px\u201d][vc_column_text]\n<h4>Die G\u00fcl\u00adle\u00adfahr\u00adzeuge der FARMER-LINE sind aus\u00adge\u00adrich\u00adtet auf die Bed\u00fcrf\u00adnisse ein\u00adzel\u00adner Land\u00adwirt\u00adschafst\u00adbe\u00adtriebe. Es sind Pump\u00adtank- oder Vaku\u00adum\u00adfahr\u00adzeuge von 10.000 bis 18.000 Liter. Diese Ver\u00adsio\u00adnen mit zun\u00e4chst gerin\u00adge\u00adrer Aus\u00adstat\u00adtung k\u00f6n\u00adnen jedoch durch ein umfang\u00adrei\u00adches Zube\u00adh\u00f6r\u00adpro\u00adgramm belie\u00adbig auf\u00adge\u00adwer\u00adtet wer\u00adden.<\/h4>\n<p>[\/vc_column_text][vc_empty_space height=\u201c25px\u201d][\/vc_column_inner][vc_column_inner width=\u201c1\/3\u201d][\/vc_column_inner][\/vc_row_inner][vc_row_inner][vc_column_inner]<\/p><div class=\"iw_core_cpt_wrapper iw_cpt_list iw_cpt_products_list iw_cpt_prd_lst without_pagination\"><div class=\"iw_cpt_categories iw_cpt_products_categories  hide_categories\"><\/div><div class=\"iw_core_cpt_posts_wrapper iw_cpt_products_list_posts_wrapper iw_cpt_prd_lst_psts_wrppr\" data-url=\"\/en\/wp-json\/wp\/v2\/pages\/923\" data-filter-category=\"9\" data-filter-author data-number-of-posts=\"9\" data-order-field=\"date\" data-order-direction=\"asc\" data-columns=\"3\" data-hide-excerpt-in-list=\"false\" data-hide-date-in-list=\"false\" data-date-format data-show-meta-information-in-list=\"false\" data-show-image-source-in-list=\"false\" data-show-author-in-list=\"false\" data-additional-class data-post-image-height data-square-images=\"false\" data-overlay-enable=\"false\" data-search-enable=\"true\" data-category-type=\"none\" data-category-level=\"all\" data-category-order-field=\"date\" data-category-order-direction=\"DESC\" data-pagination-type=\"none\" data-custom-shortcode=\"iw_cpt_products_list_custom_item\" data-custom-shortcode-options=\"item_id,ID\" data-secondary-filter-taxonomy data-secondary-filter-term data-exclude-post-ids data-search data-category data-page=\"1\" data-offset=\"0\" data-fields=\"iw_filter_category,iw_filter_author,iw_number_of_posts,iw_order_field,iw_order_direction,iw_columns,iw_hide_excerpt_in_list,iw_hide_date_in_list,iw_date_format,iw_show_meta_information_in_list,iw_show_image_source_in_list,iw_show_author_in_list,additional_class,iw_post_image_height,iw_square_images,iw_overlay_enable,iw_search_enable,iw_category_type,iw_category_level,iw_category_order_field,iw_category_order_direction,iw_pagination_type,iw_custom_shortcode,iw_custom_shortcode_options,iw_secondary_filter_taxonomy,iw_secondary_filter_term,iw_exclude_post_ids,iw_search,iw_category,iw_page,iw_offset\"><div class=\"cpt-col-1-3\"><article class=\"iw_cpt_products_list_post iw_cpt_list_post \">\n                <div class=\"post_thumbnail_area\" style=\"height:260px\">\n                    <a href=\"https:\/\/www.meyer-lohne.de\/en\/produkt\/farmer-line-pumptankfahrzeug\/\" title=\"Farmer-Line Pumptankfahrzeug\">\n                        <img decoding=\"async\" width=\"760\" height=\"500\" src=\"https:\/\/www.meyer-lohne.de\/wp-content\/uploads\/2023\/11\/Farmer-Pumptankfahrzeug-Preview.jpg\" class=\"attachment-full size-full wp-post-image\" alt loading=\"lazy\" srcset=\"https:\/\/www.meyer-lohne.de\/wp-content\/uploads\/2023\/11\/Farmer-Pumptankfahrzeug-Preview.jpg 760w, https:\/\/www.meyer-lohne.de\/wp-content\/uploads\/2023\/11\/Farmer-Pumptankfahrzeug-Preview-300x197.jpg 300w\" sizes=\"auto, (max-width: 760px) 100vw, 760px\">\n                    <\/a>\n                <\/div>\n                <div class=\"post_content_area\">\n                    <div class=\"white\"><\/div>\n                    <div class=\"post_content_area_headline\">\n                        <p class=\"headline\">\n                            Far\u00admer-Line Pump\u00adtank\u00adfahr\u00adzeug\n                        <\/p>\n                    <\/div>\n                    <p class=\"excerpt\">\n                            Dicke Rin\u00adder\u00adg\u00fclle, enorme Saug\u00adtie\u00adfen, gro\u00dfe Arbeits\u00adbrei\u00adten. \u00dcber\u00adall dort, wo h\u00f6chste Leis\u00adtung ver\u00adlangt wird, tre\u00adten unsere REKORDIA\u00ae G\u00fclle-Pump\u00adtank\u00adwa\u00adgen in Aktion. Hoher Durch\u00adsatz, pure Schlag\u00adkraft und bes\u00adter Fahr\u00adkom\u00adfort: Unsere REKORDIA\u00ae Einachs- und Tan\u00addem-Pump\u00adtank\u00adwa\u00adgen mit Fas\u00adsungs\u00adver\u00adm\u00f6\u00adgen zwi\u00adschen 10.000 und 20.000 Litern haben sich in der Pra\u00adxis bes\u00adtens bew\u00e4hrt.\n                        <\/p>     \n                    <div class=\"link_wrapper\">\n                            <a href=\"https:\/\/www.meyer-lohne.de\/en\/produkt\/farmer-line-pumptankfahrzeug\/\" title=\"Farmer-Line Pumptankfahrzeug\">\n                                Show pro\u00adduct\n                            <\/a>\n                        <\/div>     \n                <\/div>\n            <\/article><\/div><div class=\"cpt-col-1-3\"><article class=\"iw_cpt_products_list_post iw_cpt_list_post even\">\n                <div class=\"post_thumbnail_area\" style=\"height:260px\">\n                    <a href=\"https:\/\/www.meyer-lohne.de\/en\/produkt\/farmer-line-vakuumfahrzeug\/\" title=\"Farmer-Line Vakuumfahrzeug\">\n                        <img decoding=\"async\" width=\"760\" height=\"500\" src=\"https:\/\/www.meyer-lohne.de\/wp-content\/uploads\/2023\/11\/Farmer-Vakuumfahrzeug-Preview.jpg\" class=\"attachment-full size-full wp-post-image\" alt loading=\"lazy\" srcset=\"https:\/\/www.meyer-lohne.de\/wp-content\/uploads\/2023\/11\/Farmer-Vakuumfahrzeug-Preview.jpg 760w, https:\/\/www.meyer-lohne.de\/wp-content\/uploads\/2023\/11\/Farmer-Vakuumfahrzeug-Preview-300x197.jpg 300w\" sizes=\"auto, (max-width: 760px) 100vw, 760px\">\n                    <\/a>\n                <\/div>\n                <div class=\"post_content_area\">\n                    <div class=\"white\"><\/div>\n                    <div class=\"post_content_area_headline\">\n                        <p class=\"headline\">\n                            Far\u00admer-Line Vaku\u00adum\u00adfahr\u00adzeug\n                        <\/p>\n                    <\/div>\n                    <p class=\"excerpt\">\n                            Hohe Leis\u00adtung, redu\u00adzierte Kos\u00adten. REKORIDA\u00ae Vakuum-G\u00fcl\u00adle\u00adwa\u00adgen machen einen her\u00advor\u00adra\u00adgen\u00adden Job. Sie sind zuver\u00adl\u00e4s\u00adsig, robust und stra\u00adpa\u00adzier\u00adf\u00e4\u00adhig. Der nied\u00adrige Schwer\u00adpunkt sorgt f\u00fcr maxi\u00admale Fahr\u00adsta\u00adbi\u00adli\u00adt\u00e4t und der leis\u00adtungs\u00adf\u00e4\u00adhige Kom\u00adpres\u00adsor mit Saug\u00adbe\u00adschleu\u00adni\u00adger erlaubt kurze Bef\u00fcll\u00adzei\u00adten. Wel\u00adchen Anspruch Sie auch an einen REKORDIA\u00ae-VakuumG\u00fcllewagen stel\u00adlen, jedes Fahr\u00adzeug ent\u00adh\u00e4lt selbst\u00adver\u00adst\u00e4nd\u00adlich bereits in der Seri\u00aden\u00adaus\u00adstat\u00adtung h\u00f6chste Qua\u00adli\u00adt\u00e4t \u2013 eben \u201emade by Meyer-Lohne\u201c. Neben der umfang\u00adrei\u00adchen und in der Pra\u00adxis erprob\u00adten Grund\u00adaus\u00adstat\u00adtung bie\u00adten wir viel\u00adf\u00e4l\u00adtige Son\u00adder\u00adaus\u00adstat\u00adtun\u00adgen, die exakt auf Ihre betrieb\u00adli\u00adchen Erfor\u00adder\u00adnisse abge\u00adstimmt wer\u00adden.\n                        <\/p>     \n                    <div class=\"link_wrapper\">\n                            <a href=\"https:\/\/www.meyer-lohne.de\/en\/produkt\/farmer-line-vakuumfahrzeug\/\" title=\"Farmer-Line Vakuumfahrzeug\">\n                                Show pro\u00adduct\n                            <\/a>\n                        <\/div>     \n                <\/div>\n            <\/article><\/div><div class=\"cpt-col-1-3\"><article class=\"iw_cpt_products_list_post iw_cpt_list_post \">\n                <div class=\"post_thumbnail_area\" style=\"height:260px\">\n                    <a href=\"https:\/\/www.meyer-lohne.de\/en\/produkt\/mls-pumptankfahrzeug-gfk\/\" title=\"MLS Pumptankfahrzeug GFK\">\n                        <img decoding=\"async\" width=\"760\" height=\"500\" src=\"https:\/\/www.meyer-lohne.de\/wp-content\/uploads\/2023\/11\/MLS-Pumptankfahrzeug-GFK-Preview.jpg\" class=\"attachment-full size-full wp-post-image\" alt loading=\"lazy\" srcset=\"https:\/\/www.meyer-lohne.de\/wp-content\/uploads\/2023\/11\/MLS-Pumptankfahrzeug-GFK-Preview.jpg 760w, https:\/\/www.meyer-lohne.de\/wp-content\/uploads\/2023\/11\/MLS-Pumptankfahrzeug-GFK-Preview-300x197.jpg 300w\" sizes=\"auto, (max-width: 760px) 100vw, 760px\">\n                    <\/a>\n                <\/div>\n                <div class=\"post_content_area\">\n                    <div class=\"white\"><\/div>\n                    <div class=\"post_content_area_headline\">\n                        <p class=\"headline\">\n                            MLS Pump\u00adtank\u00adfahr\u00adzeug GFK\n                        <\/p>\n                    <\/div>\n                    <p class=\"excerpt\">\n                            Unsere REKORDIA\u00ae G\u00fcl\u00adle\u00adwa\u00adgen pas\u00adsen sich Ihnen an und nicht umge\u00adkehrt. Die kom\u00adpakte Bau\u00adweise erm\u00f6g\u00adlicht Ihnen maxi\u00admale Wen\u00addig\u00adkeit und sorgt durch einen nied\u00adri\u00adgen Schwer\u00adpunkt f\u00fcr best\u00adm\u00f6g\u00adli\u00adche Fahr\u00adsta\u00adbi\u00adli\u00adt\u00e4t. Unsere Mis\u00adsion ist die \u00dcber\u00adwin\u00addung anschei\u00adnen\u00adder Gegen\u00ads\u00e4tze: Gerin\u00adges Gewicht, kom\u00adpakte Ma\u00dfe und starke Leis\u00adtung sind f\u00fcr REKORDIA\u00ae Pump\u00adtank\u00adwa\u00adgen kein Wider\u00adspruch. Zus\u00e4tz\u00adlich zur durch\u00addach\u00adten Seri\u00aden\u00adaus\u00adstat\u00adtung bie\u00adten wir umfang\u00adrei\u00adche Son\u00adder\u00adaus\u00adstat\u00adtun\u00adgen, die ganz indi\u00advi\u00addu\u00adell auf Ihre betrieb\u00adli\u00adchen Erfor\u00adder\u00adnisse abge\u00adstimmt wer\u00adden. Ver\u00adlas\u00adsen Sie sich auf die kom\u00adpe\u00adtente Bera\u00adtung unse\u00adrer Pro\u00addukt\u00adspe\u00adzia\u00adlis\u00adten.\n                        <\/p>     \n                    <div class=\"link_wrapper\">\n                            <a href=\"https:\/\/www.meyer-lohne.de\/en\/produkt\/mls-pumptankfahrzeug-gfk\/\" title=\"MLS Pumptankfahrzeug GFK\">\n                                Show pro\u00adduct\n                            <\/a>\n                        <\/div>     \n                <\/div>\n            <\/article><\/div><div class=\"clearfix\"><\/div><div class=\"iw_cpt_pagination iw_cpt_products_pagination\"><div class=\"prev_area \"><div class=\"prev_arrow\"><svg class=\"arrow_back_no_fill \" height=\"24\" viewBox=\"170 -800 640 640\" width=\"24\">\n                            <path d=\"m313-440 224 224-57 56-320-320 320-320 57 56-224 224h487v80H313Z\" \/>\n                        <\/svg><\/div><div class=\"clearfix\"><\/div><\/div><div class=\"page\">1 \/ 1<\/div><div class=\"next_area \"><div class=\"next_arrow\"><svg class=\"arrow_forward_no_fill \" height=\"24\" viewBox=\"170 -800 640 640\" width=\"24\">\n                            <path d=\"M647-440H160v-80h487L423-744l57-56 320 320-320 320-57-56 224-224Z\" \/>\n                        <\/svg><\/div><div class=\"clearfix\"><\/div><\/div><\/div><\/div><\/div>[\/vc_column_inner][\/vc_row_inner][vc_row_inner][vc_column_inner][vc_empty_space height=\u201c50px\u201d][\/vc_column_inner][\/vc_row_inner][\/vc_column][\/vc_row][vc_row full_width=\u201cstretch_row\u201d][vc_column]            <div class=\"iw_anchor \">\n                <div id=\"profi\" class=\"iw_anchor_element\" style=\"top: -100px\"><\/div>\n            <\/div>\n[vc_row_inner][vc_column_inner offset=\u201cvc_hidden-xs\u201d][vc_empty_space height=\u201c50px\u201d][\/vc_column_inner][\/vc_row_inner][vc_row_inner][vc_column_inner][vc_empty_space height=\u201c50px\u201d][\/vc_column_inner][\/vc_row_inner][vc_row_inner][vc_column_inner width=\u201c2\/3\u201d]            <div class=\"sml_highlight_headline \">\n            \n                <div class=\"square_wrapper\">  \n                    <svg width=\"24\" height=\"24\" viewBox=\"0 0 24 24\">\n                  <rect id=\"sml_square_01\" data-name=\"SML Square 1\" width=\"24\" height=\"24\" fill=\"#ae2135\" \/>\n                <\/svg>\n                    <svg width=\"24\" height=\"24\" viewBox=\"0 0 24 24\">\n                  <rect id=\"sml_square_01\" data-name=\"SML Square 1\" width=\"24\" height=\"24\" fill=\"#d7102d\" \/>\n                <\/svg>\n                    <svg width=\"24\" height=\"24\" viewBox=\"0 0 24 24\">\n                  <rect id=\"sml_square_01\" data-name=\"SML Square 1\" width=\"24\" height=\"24\" fill=\"#ae2135\" \/>\n                <\/svg>\n                    <svg width=\"24\" height=\"24\" viewBox=\"0 0 24 24\">\n                  <rect id=\"sml_square_01\" data-name=\"SML Square 1\" width=\"24\" height=\"24\" fill=\"#d7102d\" \/>\n                <\/svg>\n                    <svg width=\"24\" height=\"24\" viewBox=\"0 0 24 24\">\n                  <rect id=\"sml_square_01\" data-name=\"SML Square 1\" width=\"24\" height=\"24\" fill=\"#ae2135\" \/>\n                <\/svg>\n                    <svg width=\"24\" height=\"24\" viewBox=\"0 0 24 24\">\n                  <rect id=\"sml_square_01\" data-name=\"SML Square 1\" width=\"24\" height=\"24\" fill=\"#d7102d\" \/>\n                <\/svg>\n                    <div class=\"clearfix\"><\/div>\n                <\/div>\n                \n                <div class=\"text_wrapper\">\n                    <h2>REKORDIA PROFI-LINE<\/h2>\n                <\/div>\n               \n                <div class=\"clearfix\"><\/div>\n                \n            <\/div>[vc_empty_space height=\u201c10px\u201d][vc_column_text]\n<h4>Alle G\u00fcl\u00adle\u00adfahr\u00adzeuge der PROFI-LINE sind f\u00fcr Lohn\u00adun\u00adter\u00adneh\u00admer und gro\u00dfe land\u00adwirt\u00adschaft\u00adli\u00adche Betriebe kon\u00adzi\u00adpiert. Die Pump\u00adtank- und Vaku\u00adum\u00adfahr\u00adzeuge mit 14.000 bis 32.000 Liter Fas\u00adsungs\u00adver\u00adm\u00f6\u00adgen ver\u00adf\u00fc\u00adgen \u00fcber eine sehr hohe Seri\u00aden\u00adaus\u00adstat\u00adtung.<\/h4>\n<p>[\/vc_column_text][vc_empty_space height=\u201c25px\u201d][\/vc_column_inner][vc_column_inner width=\u201c1\/3\u201d][\/vc_column_inner][\/vc_row_inner][vc_row_inner][vc_column_inner]<\/p><div class=\"iw_core_cpt_wrapper iw_cpt_list iw_cpt_products_list iw_cpt_prd_lst without_pagination\"><div class=\"iw_cpt_categories iw_cpt_products_categories  hide_categories\"><\/div><div class=\"iw_core_cpt_posts_wrapper iw_cpt_products_list_posts_wrapper iw_cpt_prd_lst_psts_wrppr\" data-url=\"\/en\/wp-json\/wp\/v2\/pages\/923\" data-filter-category=\"10\" data-filter-author data-number-of-posts=\"9\" data-order-field=\"date\" data-order-direction=\"asc\" data-columns=\"3\" data-hide-excerpt-in-list=\"false\" data-hide-date-in-list=\"false\" data-date-format data-show-meta-information-in-list=\"false\" data-show-image-source-in-list=\"false\" data-show-author-in-list=\"false\" data-additional-class data-post-image-height data-square-images=\"false\" data-overlay-enable=\"false\" data-search-enable=\"true\" data-category-type=\"none\" data-category-level=\"all\" data-category-order-field=\"date\" data-category-order-direction=\"DESC\" data-pagination-type=\"none\" data-custom-shortcode=\"iw_cpt_products_list_custom_item\" data-custom-shortcode-options=\"item_id,ID\" data-secondary-filter-taxonomy data-secondary-filter-term data-exclude-post-ids data-search data-category data-page=\"1\" data-offset=\"0\" data-fields=\"iw_filter_category,iw_filter_author,iw_number_of_posts,iw_order_field,iw_order_direction,iw_columns,iw_hide_excerpt_in_list,iw_hide_date_in_list,iw_date_format,iw_show_meta_information_in_list,iw_show_image_source_in_list,iw_show_author_in_list,additional_class,iw_post_image_height,iw_square_images,iw_overlay_enable,iw_search_enable,iw_category_type,iw_category_level,iw_category_order_field,iw_category_order_direction,iw_pagination_type,iw_custom_shortcode,iw_custom_shortcode_options,iw_secondary_filter_taxonomy,iw_secondary_filter_term,iw_exclude_post_ids,iw_search,iw_category,iw_page,iw_offset\"><div class=\"cpt-col-1-3\"><article class=\"iw_cpt_products_list_post iw_cpt_list_post \">\n                <div class=\"post_thumbnail_area\" style=\"height:260px\">\n                    <a href=\"https:\/\/www.meyer-lohne.de\/en\/produkt\/profi-line-pumptankfahrzeug\/\" title=\"Profi-Line Pumptankfahrzeug\">\n                        <img decoding=\"async\" width=\"760\" height=\"500\" src=\"https:\/\/www.meyer-lohne.de\/wp-content\/uploads\/2023\/11\/Profi-Line-Pumptankfahrzeug-Preview.jpg\" class=\"attachment-full size-full wp-post-image\" alt loading=\"lazy\" srcset=\"https:\/\/www.meyer-lohne.de\/wp-content\/uploads\/2023\/11\/Profi-Line-Pumptankfahrzeug-Preview.jpg 760w, https:\/\/www.meyer-lohne.de\/wp-content\/uploads\/2023\/11\/Profi-Line-Pumptankfahrzeug-Preview-300x197.jpg 300w\" sizes=\"auto, (max-width: 760px) 100vw, 760px\">\n                    <\/a>\n                <\/div>\n                <div class=\"post_content_area\">\n                    <div class=\"white\"><\/div>\n                    <div class=\"post_content_area_headline\">\n                        <p class=\"headline\">\n                            Profi-Line Pump\u00adtank\u00adfahr\u00adzeug\n                        <\/p>\n                    <\/div>\n                    <p class=\"excerpt\">\n                            Hoher Durch\u00adsatz, pure Schlag\u00adkraft und bes\u00adter Fahr\u00adkom\u00adfort \u2013 als Tan\u00addem oder Tri\u00addem. REKORDIA\u00ae G\u00fclle-Pump\u00adtank\u00adwa\u00adgen bie\u00adten genau die rich\u00adtige Tech\u00adnik.\n                        <\/p>     \n                    <div class=\"link_wrapper\">\n                            <a href=\"https:\/\/www.meyer-lohne.de\/en\/produkt\/profi-line-pumptankfahrzeug\/\" title=\"Profi-Line Pumptankfahrzeug\">\n                                Show pro\u00adduct\n                            <\/a>\n                        <\/div>     \n                <\/div>\n            <\/article><\/div><div class=\"cpt-col-1-3\"><article class=\"iw_cpt_products_list_post iw_cpt_list_post even\">\n                <div class=\"post_thumbnail_area\" style=\"height:260px\">\n                    <a href=\"https:\/\/www.meyer-lohne.de\/en\/produkt\/profi-line-vakuumfahrzeug\/\" title=\"Profi-Line Vakuumfahrzeug\">\n                        <img decoding=\"async\" width=\"760\" height=\"500\" src=\"https:\/\/www.meyer-lohne.de\/wp-content\/uploads\/2023\/11\/Profi-Line-Vakuumfahrzeug-Preview.jpg\" class=\"attachment-full size-full wp-post-image\" alt loading=\"lazy\" srcset=\"https:\/\/www.meyer-lohne.de\/wp-content\/uploads\/2023\/11\/Profi-Line-Vakuumfahrzeug-Preview.jpg 760w, https:\/\/www.meyer-lohne.de\/wp-content\/uploads\/2023\/11\/Profi-Line-Vakuumfahrzeug-Preview-300x197.jpg 300w\" sizes=\"auto, (max-width: 760px) 100vw, 760px\">\n                    <\/a>\n                <\/div>\n                <div class=\"post_content_area\">\n                    <div class=\"white\"><\/div>\n                    <div class=\"post_content_area_headline\">\n                        <p class=\"headline\">\n                            Profi-Line Vaku\u00adum\u00adfahr\u00adzeug\n                        <\/p>\n                    <\/div>\n                    <p class=\"excerpt\">\n                            Auf gro\u00ad\u00dfen Fl\u00e4\u00adchen und bei wei\u00adten Ent\u00adfer\u00adnun\u00adgen sind die Vaku\u00adum\u00adtank\u00adwa\u00adgen Tan\u00addem und Tri\u00addem die per\u00adfekte L\u00f6sung. Zus\u00e4tz\u00adlich bringt der nied\u00adrige Schwer\u00adpunkt maxi\u00admale Fahr\u00adsta\u00adbi\u00adli\u00adt\u00e4t f\u00fcr Fahr\u00adten auf Stras\u00adsen und Gel\u00e4nde.\n                        <\/p>     \n                    <div class=\"link_wrapper\">\n                            <a href=\"https:\/\/www.meyer-lohne.de\/en\/produkt\/profi-line-vakuumfahrzeug\/\" title=\"Profi-Line Vakuumfahrzeug\">\n                                Show pro\u00adduct\n                            <\/a>\n                        <\/div>     \n                <\/div>\n            <\/article><\/div><div class=\"cpt-col-1-3\"><article class=\"iw_cpt_products_list_post iw_cpt_list_post \">\n                <div class=\"post_thumbnail_area\" style=\"height:260px\">\n                    <a href=\"https:\/\/www.meyer-lohne.de\/en\/produkt\/mxl-pumptankfahrzeug-gfk\/\" title=\"MXL Pumptankfahrzeug GFK\">\n                        <img decoding=\"async\" width=\"760\" height=\"500\" src=\"https:\/\/www.meyer-lohne.de\/wp-content\/uploads\/2023\/11\/MXL-Pumptankfahrzeug-GFK-Preview.jpg\" class=\"attachment-full size-full wp-post-image\" alt loading=\"lazy\" srcset=\"https:\/\/www.meyer-lohne.de\/wp-content\/uploads\/2023\/11\/MXL-Pumptankfahrzeug-GFK-Preview.jpg 760w, https:\/\/www.meyer-lohne.de\/wp-content\/uploads\/2023\/11\/MXL-Pumptankfahrzeug-GFK-Preview-300x197.jpg 300w\" sizes=\"auto, (max-width: 760px) 100vw, 760px\">\n                    <\/a>\n                <\/div>\n                <div class=\"post_content_area\">\n                    <div class=\"white\"><\/div>\n                    <div class=\"post_content_area_headline\">\n                        <p class=\"headline\">\n                            MXL Pump\u00adtank\u00adfahr\u00adzeug GFK\n                        <\/p>\n                    <\/div>\n                    <p class=\"excerpt\">\n                            Die hand\u00adge\u00adfer\u00adtig\u00adten GFK Beh\u00e4l\u00adter garan\u00adtie\u00adren eine enorme Sta\u00adbi\u00adli\u00adt\u00e4t bei maxi\u00adma\u00adler Gewichts\u00adein\u00adspa\u00adrung und eine hohe Schlag\u00adkraft mit gro\u00ad\u00dfen Arbeits\u00adbrei\u00adten im Fahr\u00adgas\u00adsen\u00adbe\u00adtrieb.\n                        <\/p>     \n                    <div class=\"link_wrapper\">\n                            <a href=\"https:\/\/www.meyer-lohne.de\/en\/produkt\/mxl-pumptankfahrzeug-gfk\/\" title=\"MXL Pumptankfahrzeug GFK\">\n                                Show pro\u00adduct\n                            <\/a>\n                        <\/div>     \n                <\/div>\n            <\/article><\/div><div class=\"cpt-col-1-3\"><article class=\"iw_cpt_products_list_post iw_cpt_list_post even\">\n                <div class=\"post_thumbnail_area\" style=\"height:260px\">\n                    <a href=\"https:\/\/www.meyer-lohne.de\/en\/produkt\/uni-premium\/\" title=\"UNI-Premium\">\n                        <img decoding=\"async\" width=\"760\" height=\"500\" src=\"https:\/\/www.meyer-lohne.de\/wp-content\/uploads\/2023\/11\/UNI-Premium-Preview.jpg\" class=\"attachment-full size-full wp-post-image\" alt loading=\"lazy\" srcset=\"https:\/\/www.meyer-lohne.de\/wp-content\/uploads\/2023\/11\/UNI-Premium-Preview.jpg 760w, https:\/\/www.meyer-lohne.de\/wp-content\/uploads\/2023\/11\/UNI-Premium-Preview-300x197.jpg 300w\" sizes=\"auto, (max-width: 760px) 100vw, 760px\">\n                    <\/a>\n                <\/div>\n                <div class=\"post_content_area\">\n                    <div class=\"white\"><\/div>\n                    <div class=\"post_content_area_headline\">\n                        <p class=\"headline\">\n                            UNI-Pre\u00admium\n                        <\/p>\n                    <\/div>\n                    <p class=\"excerpt\">\n                            Maxi\u00adma\u00adles Volu\u00admen auf einer Achse \u2013 das ver\u00adspricht der REKORDIA\u00ae UNI-PREMIUM nicht nur, er h\u00e4lt es auch.\n                        <\/p>     \n                    <div class=\"link_wrapper\">\n                            <a href=\"https:\/\/www.meyer-lohne.de\/en\/produkt\/uni-premium\/\" title=\"UNI-Premium\">\n                                Show pro\u00adduct\n                            <\/a>\n                        <\/div>     \n                <\/div>\n            <\/article><\/div><div class=\"cpt-col-1-3\"><article class=\"iw_cpt_products_list_post iw_cpt_list_post \">\n                <div class=\"post_thumbnail_area\" style=\"height:260px\">\n                    <a href=\"https:\/\/www.meyer-lohne.de\/en\/produkt\/profi-line-pumptankfahrzeug-2\/\" title=\"Profi-Line Pumptankfahrzeug\">\n                        <img decoding=\"async\" width=\"2560\" height=\"1920\" src=\"https:\/\/www.meyer-lohne.de\/wp-content\/uploads\/2024\/06\/KPWFass-scaled.jpg\" class=\"attachment-full size-full wp-post-image\" alt loading=\"lazy\" srcset=\"https:\/\/www.meyer-lohne.de\/wp-content\/uploads\/2024\/06\/KPWFass-scaled.jpg 2560w, https:\/\/www.meyer-lohne.de\/wp-content\/uploads\/2024\/06\/KPWFass-300x225.jpg 300w, https:\/\/www.meyer-lohne.de\/wp-content\/uploads\/2024\/06\/KPWFass-1024x768.jpg 1024w, https:\/\/www.meyer-lohne.de\/wp-content\/uploads\/2024\/06\/KPWFass-768x576.jpg 768w, https:\/\/www.meyer-lohne.de\/wp-content\/uploads\/2024\/06\/KPWFass-1536x1152.jpg 1536w, https:\/\/www.meyer-lohne.de\/wp-content\/uploads\/2024\/06\/KPWFass-2048x1536.jpg 2048w, https:\/\/www.meyer-lohne.de\/wp-content\/uploads\/2024\/06\/KPWFass-760x570.jpg 760w, https:\/\/www.meyer-lohne.de\/wp-content\/uploads\/2024\/06\/KPWFass-970x728.jpg 970w\" sizes=\"auto, (max-width: 2560px) 100vw, 2560px\">\n                    <\/a>\n                <\/div>\n                <div class=\"post_content_area\">\n                    <div class=\"white\"><\/div>\n                    <div class=\"post_content_area_headline\">\n                        <p class=\"headline\">\n                            Profi-Line Pump\u00adtank\u00adfahr\u00adzeug\n                        <\/p>\n                    <\/div>\n                    <p class=\"excerpt\">\n                            Hoher Durch\u00adsatz, pure Schlag\u00adkraft und bes\u00adter Fahr\u00adkom\u00adfort \u2013 als Tan\u00addem oder Tri\u00addem. REKORDIA\u00ae G\u00fclle-Pump\u00adtank\u00adwa\u00adgen bie\u00adten genau die rich\u00adtige Tech\u00adnik.\n                        <\/p>     \n                    <div class=\"link_wrapper\">\n                            <a href=\"https:\/\/www.meyer-lohne.de\/en\/produkt\/profi-line-pumptankfahrzeug-2\/\" title=\"Profi-Line Pumptankfahrzeug\">\n                                Show pro\u00adduct\n                            <\/a>\n                        <\/div>     \n                <\/div>\n            <\/article><\/div><div class=\"clearfix\"><\/div><div class=\"iw_cpt_pagination iw_cpt_products_pagination\"><div class=\"prev_area \"><div class=\"prev_arrow\"><svg class=\"arrow_back_no_fill \" height=\"24\" viewBox=\"170 -800 640 640\" width=\"24\">\n                            <path d=\"m313-440 224 224-57 56-320-320 320-320 57 56-224 224h487v80H313Z\" \/>\n                        <\/svg><\/div><div class=\"clearfix\"><\/div><\/div><div class=\"page\">1 \/ 1<\/div><div class=\"next_area \"><div class=\"next_arrow\"><svg class=\"arrow_forward_no_fill \" height=\"24\" viewBox=\"170 -800 640 640\" width=\"24\">\n                            <path d=\"M647-440H160v-80h487L423-744l57-56 320 320-320 320-57-56 224-224Z\" \/>\n                        <\/svg><\/div><div class=\"clearfix\"><\/div><\/div><\/div><\/div><\/div>[\/vc_column_inner][\/vc_row_inner][vc_row_inner][vc_column_inner][vc_empty_space height=\u201c50px\u201d][\/vc_column_inner][\/vc_row_inner][\/vc_column][\/vc_row][vc_row full_width=\u201cstretch_row\u201d][vc_column]            <div class=\"iw_anchor \">\n                <div id=\"cargo\" class=\"iw_anchor_element\" style=\"top: -100px\"><\/div>\n            <\/div>\n[vc_row_inner][vc_column_inner offset=\u201cvc_hidden-xs\u201d][vc_empty_space height=\u201c50px\u201d][\/vc_column_inner][\/vc_row_inner][vc_row_inner][vc_column_inner][vc_empty_space height=\u201c50px\u201d][\/vc_column_inner][\/vc_row_inner][vc_row_inner][vc_column_inner width=\u201c2\/3\u201d]            <div class=\"sml_highlight_headline \">\n            \n                <div class=\"square_wrapper\">  \n                    <svg width=\"24\" height=\"24\" viewBox=\"0 0 24 24\">\n                  <rect id=\"sml_square_01\" data-name=\"SML Square 1\" width=\"24\" height=\"24\" fill=\"#d7102d\" \/>\n                <\/svg>\n                    <svg width=\"24\" height=\"24\" viewBox=\"0 0 24 24\">\n                  <rect id=\"sml_square_01\" data-name=\"SML Square 1\" width=\"24\" height=\"24\" fill=\"#ae2135\" \/>\n                <\/svg>\n                    <svg width=\"24\" height=\"24\" viewBox=\"0 0 24 24\">\n                  <rect id=\"sml_square_01\" data-name=\"SML Square 1\" width=\"24\" height=\"24\" fill=\"#d7102d\" \/>\n                <\/svg>\n                    <svg width=\"24\" height=\"24\" viewBox=\"0 0 24 24\">\n                  <rect id=\"sml_square_01\" data-name=\"SML Square 1\" width=\"24\" height=\"24\" fill=\"#d7102d\" \/>\n                <\/svg>\n                    <svg width=\"24\" height=\"24\" viewBox=\"0 0 24 24\">\n                  <rect id=\"sml_square_01\" data-name=\"SML Square 1\" width=\"24\" height=\"24\" fill=\"#d7102d\" \/>\n                <\/svg>\n                    <svg width=\"24\" height=\"24\" viewBox=\"0 0 24 24\">\n                  <rect id=\"sml_square_01\" data-name=\"SML Square 1\" width=\"24\" height=\"24\" fill=\"#d7102d\" \/>\n                <\/svg>\n                    <div class=\"clearfix\"><\/div>\n                <\/div>\n                \n                <div class=\"text_wrapper\">\n                    <h2>TRANSPORTLOGISTIK<\/h2>\n                <\/div>\n               \n                <div class=\"clearfix\"><\/div>\n                \n            <\/div>[vc_empty_space height=\u201c10px\u201d][vc_column_text]\n<h4>In der G\u00fcl\u00adle\u00adaus\u00adbrin\u00adgung spielt Logis\u00adtik eine zuneh\u00admend bedeut\u00adsame Rolle. Im Zulie\u00adfer\u00adtrans\u00adport an die Schnitt\u00adstelle Feld\u00adrand ste\u00adhen vor allem Zuver\u00adl\u00e4s\u00adsig\u00adkeit und Wirt\u00adschaft\u00adlich\u00adkeit im Fokus. Zwi\u00adschen Hof und Feld erf\u00fcl\u00adlen unsere REKORDIA\u00ae Anh\u00e4n\u00adger diese Anfor\u00adde\u00adrun\u00adgen sou\u00adve\u00adr\u00e4n. Scho\u00adnend auf dem Acker, schnell und sicher auf der Stra\u00dfe.<\/h4>\n<p>[\/vc_column_text][vc_empty_space height=\u201c25px\u201d][\/vc_column_inner][vc_column_inner width=\u201c1\/3\u201d][\/vc_column_inner][\/vc_row_inner][vc_row_inner][vc_column_inner]<\/p><div class=\"iw_core_cpt_wrapper iw_cpt_list iw_cpt_products_list iw_cpt_prd_lst without_pagination\"><div class=\"iw_cpt_categories iw_cpt_products_categories  hide_categories\"><\/div><div class=\"iw_core_cpt_posts_wrapper iw_cpt_products_list_posts_wrapper iw_cpt_prd_lst_psts_wrppr\" data-url=\"\/en\/wp-json\/wp\/v2\/pages\/923\" data-filter-category=\"11\" data-filter-author data-number-of-posts=\"9\" data-order-field=\"date\" data-order-direction=\"asc\" data-columns=\"3\" data-hide-excerpt-in-list=\"false\" data-hide-date-in-list=\"false\" data-date-format data-show-meta-information-in-list=\"false\" data-show-image-source-in-list=\"false\" data-show-author-in-list=\"false\" data-additional-class data-post-image-height data-square-images=\"false\" data-overlay-enable=\"false\" data-search-enable=\"true\" data-category-type=\"none\" data-category-level=\"all\" data-category-order-field=\"date\" data-category-order-direction=\"DESC\" data-pagination-type=\"none\" data-custom-shortcode=\"iw_cpt_products_list_custom_item\" data-custom-shortcode-options=\"item_id,ID\" data-secondary-filter-taxonomy data-secondary-filter-term data-exclude-post-ids data-search data-category data-page=\"1\" data-offset=\"0\" data-fields=\"iw_filter_category,iw_filter_author,iw_number_of_posts,iw_order_field,iw_order_direction,iw_columns,iw_hide_excerpt_in_list,iw_hide_date_in_list,iw_date_format,iw_show_meta_information_in_list,iw_show_image_source_in_list,iw_show_author_in_list,additional_class,iw_post_image_height,iw_square_images,iw_overlay_enable,iw_search_enable,iw_category_type,iw_category_level,iw_category_order_field,iw_category_order_direction,iw_pagination_type,iw_custom_shortcode,iw_custom_shortcode_options,iw_secondary_filter_taxonomy,iw_secondary_filter_term,iw_exclude_post_ids,iw_search,iw_category,iw_page,iw_offset\"><div class=\"cpt-col-1-3\"><article class=\"iw_cpt_products_list_post iw_cpt_list_post \">\n                <div class=\"post_thumbnail_area\" style=\"height:260px\">\n                    <a href=\"https:\/\/www.meyer-lohne.de\/en\/produkt\/cargo-vakuumanhaenger-premium\/\" title=\"Cargo-Vakuumanha\u0308nger Premium\">\n                        <img decoding=\"async\" width=\"760\" height=\"500\" src=\"https:\/\/www.meyer-lohne.de\/wp-content\/uploads\/2023\/11\/Cargo-Vakuumanhaenger-Premium-Preview.jpg\" class=\"attachment-full size-full wp-post-image\" alt loading=\"lazy\" srcset=\"https:\/\/www.meyer-lohne.de\/wp-content\/uploads\/2023\/11\/Cargo-Vakuumanhaenger-Premium-Preview.jpg 760w, https:\/\/www.meyer-lohne.de\/wp-content\/uploads\/2023\/11\/Cargo-Vakuumanhaenger-Premium-Preview-300x197.jpg 300w\" sizes=\"auto, (max-width: 760px) 100vw, 760px\">\n                    <\/a>\n                <\/div>\n                <div class=\"post_content_area\">\n                    <div class=\"white\"><\/div>\n                    <div class=\"post_content_area_headline\">\n                        <p class=\"headline\">\n                            Cargo-Vakuumanha\u0308nger Pre\u00admium\n                        <\/p>\n                    <\/div>\n                    <p class=\"excerpt\">\n                            Vakuum-G\u00fcl\u00adle\u00adfahr\u00adzeuge bestechen durch ihre ein\u00adfa\u00adche Bedien\u00adbar\u00adkeit, nied\u00adri\u00adgen Ver\u00adschlei\u00df sowie ein g\u00fcns\u00adti\u00adges Preis-Leis\u00adtung-Ver\u00adh\u00e4lt\u00adnis.\n                        <\/p>     \n                    <div class=\"link_wrapper\">\n                            <a href=\"https:\/\/www.meyer-lohne.de\/en\/produkt\/cargo-vakuumanhaenger-premium\/\" title=\"Cargo-Vakuumanha\u0308nger Premium\">\n                                Show pro\u00adduct\n                            <\/a>\n                        <\/div>     \n                <\/div>\n            <\/article><\/div><div class=\"cpt-col-1-3\"><article class=\"iw_cpt_products_list_post iw_cpt_list_post even\">\n                <div class=\"post_thumbnail_area\" style=\"height:260px\">\n                    <a href=\"https:\/\/www.meyer-lohne.de\/en\/produkt\/cargo-pumptankanhaenger-premium\/\" title=\"Cargo-Pumptankanha\u0308nger Premium\">\n                        <img decoding=\"async\" width=\"760\" height=\"500\" src=\"https:\/\/www.meyer-lohne.de\/wp-content\/uploads\/2023\/11\/Cargo-Pumptankanhaenger-Premium-Preview.jpg\" class=\"attachment-full size-full wp-post-image\" alt loading=\"lazy\" srcset=\"https:\/\/www.meyer-lohne.de\/wp-content\/uploads\/2023\/11\/Cargo-Pumptankanhaenger-Premium-Preview.jpg 760w, https:\/\/www.meyer-lohne.de\/wp-content\/uploads\/2023\/11\/Cargo-Pumptankanhaenger-Premium-Preview-300x197.jpg 300w\" sizes=\"auto, (max-width: 760px) 100vw, 760px\">\n                    <\/a>\n                <\/div>\n                <div class=\"post_content_area\">\n                    <div class=\"white\"><\/div>\n                    <div class=\"post_content_area_headline\">\n                        <p class=\"headline\">\n                            Cargo-Pumptankanha\u0308nger Pre\u00admium\n                        <\/p>\n                    <\/div>\n                    <p class=\"excerpt\">\n                            Wenn die Auf\u00adga\u00adben anspruchs\u00advol\u00adler wer\u00adden durch z\u00e4h\u00adfl\u00fcs\u00adsige G\u00fclle, lange und tiefe Saug\u00adwege, sind Cargo-Pump\u00adtank\u00adwa\u00adgen die opti\u00admale L\u00f6sung.\n                        <\/p>     \n                    <div class=\"link_wrapper\">\n                            <a href=\"https:\/\/www.meyer-lohne.de\/en\/produkt\/cargo-pumptankanhaenger-premium\/\" title=\"Cargo-Pumptankanha\u0308nger Premium\">\n                                Show pro\u00adduct\n                            <\/a>\n                        <\/div>     \n                <\/div>\n            <\/article><\/div><div class=\"clearfix\"><\/div><div class=\"iw_cpt_pagination iw_cpt_products_pagination\"><div class=\"prev_area \"><div class=\"prev_arrow\"><svg class=\"arrow_back_no_fill \" height=\"24\" viewBox=\"170 -800 640 640\" width=\"24\">\n                            <path d=\"m313-440 224 224-57 56-320-320 320-320 57 56-224 224h487v80H313Z\" \/>\n                        <\/svg><\/div><div class=\"clearfix\"><\/div><\/div><div class=\"page\">1 \/ 1<\/div><div class=\"next_area \"><div class=\"next_arrow\"><svg class=\"arrow_forward_no_fill \" height=\"24\" viewBox=\"170 -800 640 640\" width=\"24\">\n                            <path d=\"M647-440H160v-80h487L423-744l57-56 320 320-320 320-57-56 224-224Z\" \/>\n                        <\/svg><\/div><div class=\"clearfix\"><\/div><\/div><\/div><\/div><\/div>[\/vc_column_inner][\/vc_row_inner][vc_row_inner][vc_column_inner][vc_empty_space height=\u201c50px\u201d][\/vc_column_inner][\/vc_row_inner][\/vc_column][\/vc_row][vc_row full_width=\u201cstretch_row\u201d][vc_column]            <div class=\"iw_anchor \">\n                <div id=\"vredo\" class=\"iw_anchor_element\" style=\"top: -100px\"><\/div>\n            <\/div>\n[vc_row_inner][vc_column_inner offset=\u201cvc_hidden-xs\u201d][vc_empty_space height=\u201c50px\u201d][\/vc_column_inner][\/vc_row_inner][vc_row_inner][vc_column_inner][vc_empty_space height=\u201c50px\u201d][\/vc_column_inner][\/vc_row_inner][vc_row_inner][vc_column_inner width=\u201c2\/3\u201d]            <div class=\"sml_highlight_headline \">\n            \n                <div class=\"square_wrapper\">  \n                    <svg width=\"24\" height=\"24\" viewBox=\"0 0 24 24\">\n                  <rect id=\"sml_square_01\" data-name=\"SML Square 1\" width=\"24\" height=\"24\" fill=\"#d7102d\" \/>\n                <\/svg>\n                    <svg width=\"24\" height=\"24\" viewBox=\"0 0 24 24\">\n                  <rect id=\"sml_square_01\" data-name=\"SML Square 1\" width=\"24\" height=\"24\" fill=\"#ae2135\" \/>\n                <\/svg>\n                    <svg width=\"24\" height=\"24\" viewBox=\"0 0 24 24\">\n                  <rect id=\"sml_square_01\" data-name=\"SML Square 1\" width=\"24\" height=\"24\" fill=\"#ae2135\" \/>\n                <\/svg>\n                    <svg width=\"24\" height=\"24\" viewBox=\"0 0 24 24\">\n                  <rect id=\"sml_square_01\" data-name=\"SML Square 1\" width=\"24\" height=\"24\" fill=\"#ae2135\" \/>\n                <\/svg>\n                    <svg width=\"24\" height=\"24\" viewBox=\"0 0 24 24\">\n                  <rect id=\"sml_square_01\" data-name=\"SML Square 1\" width=\"24\" height=\"24\" fill=\"#ae2135\" \/>\n                <\/svg>\n                    <svg width=\"24\" height=\"24\" viewBox=\"0 0 24 24\">\n                  <rect id=\"sml_square_01\" data-name=\"SML Square 1\" width=\"24\" height=\"24\" fill=\"#ae2135\" \/>\n                <\/svg>\n                    <div class=\"clearfix\"><\/div>\n                <\/div>\n                \n                <div class=\"text_wrapper\">\n                    <h2>SELBSTFAHRER<\/h2>\n                <\/div>\n               \n                <div class=\"clearfix\"><\/div>\n                \n            <\/div>[vc_empty_space height=\u201c10px\u201d][vc_column_text]\n<h4>Auf\u00adgrund der G\u00fcl\u00adle\u00adver\u00adord\u00adnung ist es mit einem Selbst\u00adfah\u00adrer m\u00f6g\u00adlich, G\u00fclle in einem Arbeits\u00adzug aus\u00adzu\u00adbrin\u00adgen und in den Boden zu injek\u00adtie\u00adren. Die viel\u00adsei\u00adti\u00adgen und robus\u00adten Selbst\u00adfah\u00adrer der Firma Vredo bie\u00adten maxi\u00admale Kapa\u00adzi\u00adt\u00e4t, Geschwin\u00addig\u00adkeit, Wen\u00addig\u00adkeit und Ein\u00adsetz\u00adbar\u00adkeit als Grund\u00adlage f\u00fcr eine her\u00advor\u00adra\u00adgende Tages\u00adleis\u00adtung<\/h4>\n<p>[\/vc_column_text][vc_empty_space height=\u201c25px\u201d][\/vc_column_inner][vc_column_inner width=\u201c1\/3\u201d][\/vc_column_inner][\/vc_row_inner][vc_row_inner][vc_column_inner]<\/p><div class=\"iw_core_cpt_wrapper iw_cpt_list iw_cpt_products_list iw_cpt_prd_lst without_pagination\"><div class=\"iw_cpt_categories iw_cpt_products_categories  hide_categories\"><\/div><div class=\"iw_core_cpt_posts_wrapper iw_cpt_products_list_posts_wrapper iw_cpt_prd_lst_psts_wrppr\" data-url=\"\/en\/wp-json\/wp\/v2\/pages\/923\" data-filter-category=\"12\" data-filter-author data-number-of-posts=\"9\" data-order-field=\"date\" data-order-direction=\"asc\" data-columns=\"3\" data-hide-excerpt-in-list=\"false\" data-hide-date-in-list=\"false\" data-date-format data-show-meta-information-in-list=\"false\" data-show-image-source-in-list=\"false\" data-show-author-in-list=\"false\" data-additional-class data-post-image-height data-square-images=\"false\" data-overlay-enable=\"false\" data-search-enable=\"true\" data-category-type=\"none\" data-category-level=\"all\" data-category-order-field=\"date\" data-category-order-direction=\"DESC\" data-pagination-type=\"none\" data-custom-shortcode=\"iw_cpt_products_list_custom_item\" data-custom-shortcode-options=\"item_id,ID\" data-secondary-filter-taxonomy data-secondary-filter-term data-exclude-post-ids data-search data-category data-page=\"1\" data-offset=\"0\" data-fields=\"iw_filter_category,iw_filter_author,iw_number_of_posts,iw_order_field,iw_order_direction,iw_columns,iw_hide_excerpt_in_list,iw_hide_date_in_list,iw_date_format,iw_show_meta_information_in_list,iw_show_image_source_in_list,iw_show_author_in_list,additional_class,iw_post_image_height,iw_square_images,iw_overlay_enable,iw_search_enable,iw_category_type,iw_category_level,iw_category_order_field,iw_category_order_direction,iw_pagination_type,iw_custom_shortcode,iw_custom_shortcode_options,iw_secondary_filter_taxonomy,iw_secondary_filter_term,iw_exclude_post_ids,iw_search,iw_category,iw_page,iw_offset\"><div class=\"cpt-col-1-3\"><article class=\"iw_cpt_products_list_post iw_cpt_list_post \">\n                <div class=\"post_thumbnail_area\" style=\"height:260px\">\n                    <a href=\"https:\/\/www.meyer-lohne.de\/en\/produkt\/vredo-vt4556\/\" title=\"Vredo VT4556\">\n                        <img decoding=\"async\" width=\"760\" height=\"500\" src=\"https:\/\/www.meyer-lohne.de\/wp-content\/uploads\/2023\/11\/Vredo-VT-4556-Preview.jpg\" class=\"attachment-full size-full wp-post-image\" alt loading=\"lazy\" srcset=\"https:\/\/www.meyer-lohne.de\/wp-content\/uploads\/2023\/11\/Vredo-VT-4556-Preview.jpg 760w, https:\/\/www.meyer-lohne.de\/wp-content\/uploads\/2023\/11\/Vredo-VT-4556-Preview-300x197.jpg 300w\" sizes=\"auto, (max-width: 760px) 100vw, 760px\">\n                    <\/a>\n                <\/div>\n                <div class=\"post_content_area\">\n                    <div class=\"white\"><\/div>\n                    <div class=\"post_content_area_headline\">\n                        <p class=\"headline\">\n                            Vredo VT4556\n                        <\/p>\n                    <\/div>\n                    <p class=\"excerpt\">\n                            Mit mehr als zwan\u00adzig Jah\u00adren Erfah\u00adrung im Bereich der Selbst\u00adfah\u00adrer hat Vredo mit dem VT4556 ein Sys\u00adtem-Trac ent\u00adwi\u00adckelt der Ober\u00adklasse.\n                        <\/p>     \n                    <div class=\"link_wrapper\">\n                            <a href=\"https:\/\/www.meyer-lohne.de\/en\/produkt\/vredo-vt4556\/\" title=\"Vredo VT4556\">\n                                Show pro\u00adduct\n                            <\/a>\n                        <\/div>     \n                <\/div>\n            <\/article><\/div><div class=\"cpt-col-1-3\"><article class=\"iw_cpt_products_list_post iw_cpt_list_post even\">\n                <div class=\"post_thumbnail_area\" style=\"height:260px\">\n                    <a href=\"https:\/\/www.meyer-lohne.de\/en\/produkt\/vredo-vt5536\/\" title=\"Vredo VT5536\">\n                        <img decoding=\"async\" width=\"760\" height=\"500\" src=\"https:\/\/www.meyer-lohne.de\/wp-content\/uploads\/2023\/11\/Vredo-VT-5536-Preview.jpg\" class=\"attachment-full size-full wp-post-image\" alt loading=\"lazy\" srcset=\"https:\/\/www.meyer-lohne.de\/wp-content\/uploads\/2023\/11\/Vredo-VT-5536-Preview.jpg 760w, https:\/\/www.meyer-lohne.de\/wp-content\/uploads\/2023\/11\/Vredo-VT-5536-Preview-300x197.jpg 300w\" sizes=\"auto, (max-width: 760px) 100vw, 760px\">\n                    <\/a>\n                <\/div>\n                <div class=\"post_content_area\">\n                    <div class=\"white\"><\/div>\n                    <div class=\"post_content_area_headline\">\n                        <p class=\"headline\">\n                            Vredo VT5536\n                        <\/p>\n                    <\/div>\n                    <p class=\"excerpt\">\n                            Fast 30 Jahre Erfah\u00adrung mit der 4\u2011Rad-Len\u00adkung sind in einer neuen G\u00fclle-Selbst\u00adfahr\u00adma\u00adschine ver\u00adeint, die damit per\u00adfekt auf die Bed\u00fcrf\u00adnisse des moder\u00adnen land\u00adwirt\u00adschaft\u00adli\u00adchen Unter\u00adneh\u00admers abge\u00adstimmt ist.\n                        <\/p>     \n                    <div class=\"link_wrapper\">\n                            <a href=\"https:\/\/www.meyer-lohne.de\/en\/produkt\/vredo-vt5536\/\" title=\"Vredo VT5536\">\n                                Show pro\u00adduct\n                            <\/a>\n                        <\/div>     \n                <\/div>\n            <\/article><\/div><div class=\"cpt-col-1-3\"><article class=\"iw_cpt_products_list_post iw_cpt_list_post \">\n                <div class=\"post_thumbnail_area\" style=\"height:260px\">\n                    <a href=\"https:\/\/www.meyer-lohne.de\/en\/produkt\/vredo-vt7138-3\/\" title=\"Vredo VT7138-3\">\n                        <img decoding=\"async\" width=\"760\" height=\"500\" src=\"https:\/\/www.meyer-lohne.de\/wp-content\/uploads\/2023\/11\/Vredo-VT7138-Preview.jpg\" class=\"attachment-full size-full wp-post-image\" alt loading=\"lazy\" srcset=\"https:\/\/www.meyer-lohne.de\/wp-content\/uploads\/2023\/11\/Vredo-VT7138-Preview.jpg 760w, https:\/\/www.meyer-lohne.de\/wp-content\/uploads\/2023\/11\/Vredo-VT7138-Preview-300x197.jpg 300w\" sizes=\"auto, (max-width: 760px) 100vw, 760px\">\n                    <\/a>\n                <\/div>\n                <div class=\"post_content_area\">\n                    <div class=\"white\"><\/div>\n                    <div class=\"post_content_area_headline\">\n                        <p class=\"headline\">\n                            Vredo VT7138\u20113\n                        <\/p>\n                    <\/div>\n                    <p class=\"excerpt\">\n                            Das drei\u00adach\u00adsige Fahr\u00adzeug VT7138\u20113 ver\u00adf\u00fcgt \u00fcber einen 32 m\u00b3 gro\u00ad\u00dfen Poly\u00ades\u00adter\u00adtank. Die\u00adser erm\u00f6g\u00adlicht es, einen vol\u00adlen LKW-Auf\u00adlie\u00adger in einem Saug\u00advor\u00adgang zu ent\u00adlee\u00adren.\n                        <\/p>     \n                    <div class=\"link_wrapper\">\n                            <a href=\"https:\/\/www.meyer-lohne.de\/en\/produkt\/vredo-vt7138-3\/\" title=\"Vredo VT7138-3\">\n                                Show pro\u00adduct\n                            <\/a>\n                        <\/div>     \n                <\/div>\n            <\/article><\/div><div class=\"clearfix\"><\/div><div class=\"iw_cpt_pagination iw_cpt_products_pagination\"><div class=\"prev_area \"><div class=\"prev_arrow\"><svg class=\"arrow_back_no_fill \" height=\"24\" viewBox=\"170 -800 640 640\" width=\"24\">\n                            <path d=\"m313-440 224 224-57 56-320-320 320-320 57 56-224 224h487v80H313Z\" \/>\n                        <\/svg><\/div><div class=\"clearfix\"><\/div><\/div><div class=\"page\">1 \/ 1<\/div><div class=\"next_area \"><div class=\"next_arrow\"><svg class=\"arrow_forward_no_fill \" height=\"24\" viewBox=\"170 -800 640 640\" width=\"24\">\n                            <path d=\"M647-440H160v-80h487L423-744l57-56 320 320-320 320-57-56 224-224Z\" \/>\n                        <\/svg><\/div><div class=\"clearfix\"><\/div><\/div><\/div><\/div><\/div>[\/vc_column_inner][\/vc_row_inner][vc_row_inner][vc_column_inner][vc_empty_space height=\u201c50px\u201d][\/vc_column_inner][\/vc_row_inner][\/vc_column][\/vc_row][vc_row full_width=\u201cstretch_row\u201d][vc_column]            <div class=\"iw_anchor \">\n                <div id=\"verteiltechnik\" class=\"iw_anchor_element\" style=\"top: -100px\"><\/div>\n            <\/div>\n[vc_row_inner][vc_column_inner offset=\u201cvc_hidden-xs\u201d][vc_empty_space height=\u201c50px\u201d][\/vc_column_inner][\/vc_row_inner][vc_row_inner][vc_column_inner][vc_empty_space height=\u201c50px\u201d][\/vc_column_inner][\/vc_row_inner][vc_row_inner][vc_column_inner width=\u201c2\/3\u201d]            <div class=\"sml_highlight_headline \">\n            \n                <div class=\"square_wrapper\">  \n                    <svg width=\"24\" height=\"24\" viewBox=\"0 0 24 24\">\n                  <rect id=\"sml_square_01\" data-name=\"SML Square 1\" width=\"24\" height=\"24\" fill=\"#d7102d\" \/>\n                <\/svg>\n                    <svg width=\"24\" height=\"24\" viewBox=\"0 0 24 24\">\n                  <rect id=\"sml_square_01\" data-name=\"SML Square 1\" width=\"24\" height=\"24\" fill=\"#ae2135\" \/>\n                <\/svg>\n                    <svg width=\"24\" height=\"24\" viewBox=\"0 0 24 24\">\n                  <rect id=\"sml_square_01\" data-name=\"SML Square 1\" width=\"24\" height=\"24\" fill=\"#ae2135\" \/>\n                <\/svg>\n                    <svg width=\"24\" height=\"24\" viewBox=\"0 0 24 24\">\n                  <rect id=\"sml_square_01\" data-name=\"SML Square 1\" width=\"24\" height=\"24\" fill=\"#ae2135\" \/>\n                <\/svg>\n                    <svg width=\"24\" height=\"24\" viewBox=\"0 0 24 24\">\n                  <rect id=\"sml_square_01\" data-name=\"SML Square 1\" width=\"24\" height=\"24\" fill=\"#ae2135\" \/>\n                <\/svg>\n                    <svg width=\"24\" height=\"24\" viewBox=\"0 0 24 24\">\n                  <rect id=\"sml_square_01\" data-name=\"SML Square 1\" width=\"24\" height=\"24\" fill=\"#d7102d\" \/>\n                <\/svg>\n                    <div class=\"clearfix\"><\/div>\n                <\/div>\n                \n                <div class=\"text_wrapper\">\n                    <h2>VERTEILTECHNIK<\/h2>\n                <\/div>\n               \n                <div class=\"clearfix\"><\/div>\n                \n            <\/div>[vc_empty_space height=\u201c10px\u201d][vc_column_text]\n<h4>Was von einer per\u00adfek\u00adten G\u00fcl\u00adle\u00adver\u00adteil\u00adtech\u00adnik ver\u00adlangt wird, wird schon seit Jahr\u00adzehn\u00adten von MEYER-LOHNE prak\u00adti\u00adziert. Bei MEYER-LOHNE fin\u00adden Sie f\u00fcr alle REKORDIA\u00ae-G\u00fcllewagen ein abge\u00adstuf\u00adtes Pro\u00adgramm an Exakt\u00adver\u00adteil\u00adsys\u00adte\u00admen.<\/h4>\n<p>[\/vc_column_text][vc_empty_space height=\u201c25px\u201d][\/vc_column_inner][vc_column_inner width=\u201c1\/3\u201d][\/vc_column_inner][\/vc_row_inner][vc_row_inner][vc_column_inner]<\/p><div class=\"iw_core_cpt_wrapper iw_cpt_list iw_cpt_products_list iw_cpt_prd_lst without_pagination\"><div class=\"iw_cpt_categories iw_cpt_products_categories  hide_categories\"><\/div><div class=\"iw_core_cpt_posts_wrapper iw_cpt_products_list_posts_wrapper iw_cpt_prd_lst_psts_wrppr\" data-url=\"\/en\/wp-json\/wp\/v2\/pages\/923\" data-filter-category=\"13\" data-filter-author data-number-of-posts=\"9\" data-order-field=\"date\" data-order-direction=\"asc\" data-columns=\"3\" data-hide-excerpt-in-list=\"false\" data-hide-date-in-list=\"false\" data-date-format data-show-meta-information-in-list=\"false\" data-show-image-source-in-list=\"false\" data-show-author-in-list=\"false\" data-additional-class data-post-image-height data-square-images=\"false\" data-overlay-enable=\"false\" data-search-enable=\"true\" data-category-type=\"none\" data-category-level=\"all\" data-category-order-field=\"date\" data-category-order-direction=\"DESC\" data-pagination-type=\"none\" data-custom-shortcode=\"iw_cpt_products_list_custom_item\" data-custom-shortcode-options=\"item_id,ID\" data-secondary-filter-taxonomy data-secondary-filter-term data-exclude-post-ids data-search data-category data-page=\"1\" data-offset=\"0\" data-fields=\"iw_filter_category,iw_filter_author,iw_number_of_posts,iw_order_field,iw_order_direction,iw_columns,iw_hide_excerpt_in_list,iw_hide_date_in_list,iw_date_format,iw_show_meta_information_in_list,iw_show_image_source_in_list,iw_show_author_in_list,additional_class,iw_post_image_height,iw_square_images,iw_overlay_enable,iw_search_enable,iw_category_type,iw_category_level,iw_category_order_field,iw_category_order_direction,iw_pagination_type,iw_custom_shortcode,iw_custom_shortcode_options,iw_secondary_filter_taxonomy,iw_secondary_filter_term,iw_exclude_post_ids,iw_search,iw_category,iw_page,iw_offset\"><div class=\"cpt-col-1-3\"><article class=\"iw_cpt_products_list_post iw_cpt_list_post \">\n                <div class=\"post_thumbnail_area\" style=\"height:260px\">\n                    <a href=\"https:\/\/www.meyer-lohne.de\/en\/produkt\/schleppschlauchverteiler\/\" title=\"Schleppschlauchverteiler\">\n                        <img decoding=\"async\" width=\"760\" height=\"500\" src=\"https:\/\/www.meyer-lohne.de\/wp-content\/uploads\/2023\/11\/Schleppschlauchverteiler-Preview.jpg\" class=\"attachment-full size-full wp-post-image\" alt loading=\"lazy\" srcset=\"https:\/\/www.meyer-lohne.de\/wp-content\/uploads\/2023\/11\/Schleppschlauchverteiler-Preview.jpg 760w, https:\/\/www.meyer-lohne.de\/wp-content\/uploads\/2023\/11\/Schleppschlauchverteiler-Preview-300x197.jpg 300w\" sizes=\"auto, (max-width: 760px) 100vw, 760px\">\n                    <\/a>\n                <\/div>\n                <div class=\"post_content_area\">\n                    <div class=\"white\"><\/div>\n                    <div class=\"post_content_area_headline\">\n                        <p class=\"headline\">\n                            Schlepp\u00adschlauch\u00adver\u00adtei\u00adler\n                        <\/p>\n                    <\/div>\n                    <p class=\"excerpt\">\n                            Schlepp\u00adschlauch\u00adver\u00adtei\u00adler erm\u00f6g\u00adli\u00adchen eine gleich\u00adm\u00e4\u00ad\u00dfige D\u00fcn\u00adgung unab\u00adh\u00e4n\u00adgig von Wit\u00adte\u00adrungs\u00adbe\u00addin\u00adgun\u00adgen, auch im wach\u00adsen\u00adden Bestand. Robuste Rah\u00admen\u00adkon\u00adstruk\u00adtio\u00adnen, intel\u00adli\u00adgen\u00adtes Teil\u00adb\u00adrei\u00adten\u00adma\u00adnage\u00adment, opti\u00admale Schlauch\u00adver\u00adle\u00adgung sowie robuste Exakt\u00adver\u00adtei\u00adler sind Garan\u00adten f\u00fcr eine effi\u00adzi\u00adente D\u00fcn\u00adgung.\n                        <\/p>     \n                    <div class=\"link_wrapper\">\n                            <a href=\"https:\/\/www.meyer-lohne.de\/en\/produkt\/schleppschlauchverteiler\/\" title=\"Schleppschlauchverteiler\">\n                                Show pro\u00adduct\n                            <\/a>\n                        <\/div>     \n                <\/div>\n            <\/article><\/div><div class=\"cpt-col-1-3\"><article class=\"iw_cpt_products_list_post iw_cpt_list_post even\">\n                <div class=\"post_thumbnail_area\" style=\"height:260px\">\n                    <a href=\"https:\/\/www.meyer-lohne.de\/en\/produkt\/schleppschuhverteiler\/\" title=\"Schleppschuhverteiler\">\n                        <img decoding=\"async\" width=\"760\" height=\"500\" src=\"https:\/\/www.meyer-lohne.de\/wp-content\/uploads\/2023\/11\/Schleppschuhverteiler-Preview.jpg\" class=\"attachment-full size-full wp-post-image\" alt loading=\"lazy\" srcset=\"https:\/\/www.meyer-lohne.de\/wp-content\/uploads\/2023\/11\/Schleppschuhverteiler-Preview.jpg 760w, https:\/\/www.meyer-lohne.de\/wp-content\/uploads\/2023\/11\/Schleppschuhverteiler-Preview-300x197.jpg 300w\" sizes=\"auto, (max-width: 760px) 100vw, 760px\">\n                    <\/a>\n                <\/div>\n                <div class=\"post_content_area\">\n                    <div class=\"white\"><\/div>\n                    <div class=\"post_content_area_headline\">\n                        <p class=\"headline\">\n                            Schlepp\u00adschuh\u00adver\u00adtei\u00adler\n                        <\/p>\n                    <\/div>\n                    <p class=\"excerpt\">\n                            Ob auf Gr\u00fcn\u00adland, im Getreide oder Acker\u00adland \u2013 Schlepp\u00adschuh\u00adver\u00adtei\u00adler mit bis zu 30 m Arbeits\u00adbreite brin\u00adgen orga\u00adni\u00adsche Fl\u00fcs\u00adsig\u00add\u00fcn\u00adger opti\u00admal an Ihre Pflan\u00adzen.\n                        <\/p>     \n                    <div class=\"link_wrapper\">\n                            <a href=\"https:\/\/www.meyer-lohne.de\/en\/produkt\/schleppschuhverteiler\/\" title=\"Schleppschuhverteiler\">\n                                Show pro\u00adduct\n                            <\/a>\n                        <\/div>     \n                <\/div>\n            <\/article><\/div><div class=\"cpt-col-1-3\"><article class=\"iw_cpt_products_list_post iw_cpt_list_post \">\n                <div class=\"post_thumbnail_area\" style=\"height:260px\">\n                    <a href=\"https:\/\/www.meyer-lohne.de\/en\/produkt\/ackerland-injektoren\/\" title=\"Ackerland-Injektoren\">\n                        <img decoding=\"async\" width=\"760\" height=\"500\" src=\"https:\/\/www.meyer-lohne.de\/wp-content\/uploads\/2023\/11\/Ackerland-Injektoren-Preview.jpg\" class=\"attachment-full size-full wp-post-image\" alt loading=\"lazy\" srcset=\"https:\/\/www.meyer-lohne.de\/wp-content\/uploads\/2023\/11\/Ackerland-Injektoren-Preview.jpg 760w, https:\/\/www.meyer-lohne.de\/wp-content\/uploads\/2023\/11\/Ackerland-Injektoren-Preview-300x197.jpg 300w\" sizes=\"auto, (max-width: 760px) 100vw, 760px\">\n                    <\/a>\n                <\/div>\n                <div class=\"post_content_area\">\n                    <div class=\"white\"><\/div>\n                    <div class=\"post_content_area_headline\">\n                        <p class=\"headline\">\n                            Acker\u00adland-Injek\u00adto\u00adren\n                        <\/p>\n                    <\/div>\n                    <p class=\"excerpt\">\n                            Gro\u00dfe Nitrat\u00adver\u00adluste und Geruchs\u00adpro\u00adbleme ent\u00adste\u00adhen durch ober\u00adfl\u00e4\u00adchi\u00adges Aus\u00adbrin\u00adgen auf unbe\u00adwach\u00adse\u00adnen B\u00f6den. Das direkte Ein\u00adar\u00adbei\u00adten schafft Abhilfe und spart einen Arbeits\u00adgang.\n                        <\/p>     \n                    <div class=\"link_wrapper\">\n                            <a href=\"https:\/\/www.meyer-lohne.de\/en\/produkt\/ackerland-injektoren\/\" title=\"Ackerland-Injektoren\">\n                                Show pro\u00adduct\n                            <\/a>\n                        <\/div>     \n                <\/div>\n            <\/article><\/div><div class=\"cpt-col-1-3\"><article class=\"iw_cpt_products_list_post iw_cpt_list_post even\">\n                <div class=\"post_thumbnail_area\" style=\"height:260px\">\n                    <a href=\"https:\/\/www.meyer-lohne.de\/en\/produkt\/gruenland-injektoren\/\" title=\"Gr\u00fcnland-Injektoren\">\n                        <img decoding=\"async\" width=\"760\" height=\"500\" src=\"https:\/\/www.meyer-lohne.de\/wp-content\/uploads\/2023\/11\/Gruenland-Injektoren-Preview.jpg\" class=\"attachment-full size-full wp-post-image\" alt loading=\"lazy\" srcset=\"https:\/\/www.meyer-lohne.de\/wp-content\/uploads\/2023\/11\/Gruenland-Injektoren-Preview.jpg 760w, https:\/\/www.meyer-lohne.de\/wp-content\/uploads\/2023\/11\/Gruenland-Injektoren-Preview-300x197.jpg 300w\" sizes=\"auto, (max-width: 760px) 100vw, 760px\">\n                    <\/a>\n                <\/div>\n                <div class=\"post_content_area\">\n                    <div class=\"white\"><\/div>\n                    <div class=\"post_content_area_headline\">\n                        <p class=\"headline\">\n                            Gr\u00fcn\u00adland-Injek\u00adto\u00adren\n                        <\/p>\n                    <\/div>\n                    <p class=\"excerpt\">\n                            Beim Schlitz\u00adver\u00adfah\u00adren schnei\u00addet eine Scheibe den Boden auf und dr\u00fcckt den Boden v\u2011f\u00f6rmig aus\u00adein\u00adan\u00adder. Dadurch bleibt das Wur\u00adzel\u00adsys\u00adtem intakt und es fin\u00addet keine Ver\u00addich\u00adtung statt. Die Ammo\u00adni\u00adak\u00adver\u00adluste sind im Ver\u00adgleich zu den ande\u00adren Ver\u00adfah\u00adren deut\u00adlich gerin\u00adger. Posi\u00adtiv ist die gute N\u00e4hr\u00adstoff\u00adaus\u00adbeute, weil der D\u00fcn\u00adger direkt an die Wur\u00adzeln der Pflanze gebracht wird.\n                        <\/p>     \n                    <div class=\"link_wrapper\">\n                            <a href=\"https:\/\/www.meyer-lohne.de\/en\/produkt\/gruenland-injektoren\/\" title=\"Gr\u00fcnland-Injektoren\">\n                                Show pro\u00adduct\n                            <\/a>\n                        <\/div>     \n                <\/div>\n            <\/article><\/div><div class=\"clearfix\"><\/div><div class=\"iw_cpt_pagination iw_cpt_products_pagination\"><div class=\"prev_area \"><div class=\"prev_arrow\"><svg class=\"arrow_back_no_fill \" height=\"24\" viewBox=\"170 -800 640 640\" width=\"24\">\n                            <path d=\"m313-440 224 224-57 56-320-320 320-320 57 56-224 224h487v80H313Z\" \/>\n                        <\/svg><\/div><div class=\"clearfix\"><\/div><\/div><div class=\"page\">1 \/ 1<\/div><div class=\"next_area \"><div class=\"next_arrow\"><svg class=\"arrow_forward_no_fill \" height=\"24\" viewBox=\"170 -800 640 640\" width=\"24\">\n                            <path d=\"M647-440H160v-80h487L423-744l57-56 320 320-320 320-57-56 224-224Z\" \/>\n                        <\/svg><\/div><div class=\"clearfix\"><\/div><\/div><\/div><\/div><\/div>[\/vc_column_inner][\/vc_row_inner][vc_row_inner][vc_column_inner][vc_empty_space height=\u201c50px\u201d][\/vc_column_inner][\/vc_row_inner][\/vc_column][\/vc_row][vc_row full_width=\u201cstretch_row\u201d][vc_column]            <div class=\"iw_anchor \">\n                <div id=\"steuerelemente\" class=\"iw_anchor_element\" style=\"top: -100px\"><\/div>\n            <\/div>\n[vc_row_inner][vc_column_inner offset=\u201cvc_hidden-xs\u201d][vc_empty_space height=\u201c50px\u201d][\/vc_column_inner][\/vc_row_inner][vc_row_inner][vc_column_inner][vc_empty_space height=\u201c50px\u201d][\/vc_column_inner][\/vc_row_inner][vc_row_inner][vc_column_inner width=\u201c2\/3\u201d]            <div class=\"sml_highlight_headline \">\n            \n                <div class=\"square_wrapper\">  \n                    <svg width=\"24\" height=\"24\" viewBox=\"0 0 24 24\">\n                  <rect id=\"sml_square_01\" data-name=\"SML Square 1\" width=\"24\" height=\"24\" fill=\"#ae2135\" \/>\n                <\/svg>\n                    <svg width=\"24\" height=\"24\" viewBox=\"0 0 24 24\">\n                  <rect id=\"sml_square_01\" data-name=\"SML Square 1\" width=\"24\" height=\"24\" fill=\"#ae2135\" \/>\n                <\/svg>\n                    <svg width=\"24\" height=\"24\" viewBox=\"0 0 24 24\">\n                  <rect id=\"sml_square_01\" data-name=\"SML Square 1\" width=\"24\" height=\"24\" fill=\"#ae2135\" \/>\n                <\/svg>\n                    <svg width=\"24\" height=\"24\" viewBox=\"0 0 24 24\">\n                  <rect id=\"sml_square_01\" data-name=\"SML Square 1\" width=\"24\" height=\"24\" fill=\"#d7102d\" \/>\n                <\/svg>\n                    <svg width=\"24\" height=\"24\" viewBox=\"0 0 24 24\">\n                  <rect id=\"sml_square_01\" data-name=\"SML Square 1\" width=\"24\" height=\"24\" fill=\"#d7102d\" \/>\n                <\/svg>\n                    <svg width=\"24\" height=\"24\" viewBox=\"0 0 24 24\">\n                  <rect id=\"sml_square_01\" data-name=\"SML Square 1\" width=\"24\" height=\"24\" fill=\"#ae2135\" \/>\n                <\/svg>\n                    <div class=\"clearfix\"><\/div>\n                <\/div>\n                \n                <div class=\"text_wrapper\">\n                    <h2>STEUERUNGSYSTEME<\/h2>\n                <\/div>\n               \n                <div class=\"clearfix\"><\/div>\n                \n            <\/div>[vc_empty_space height=\u201c10px\u201d][vc_column_text]\n<h4>Mit der neuen Elek\u00adtro\u00adnik-Gene\u00adra\u00adtion Mey\u00adtro\u00adnic Bord\u00adcom\u00adpu\u00adter ist eine intel\u00adli\u00adgente G\u00fcl\u00adle\u00adwa\u00adgen\u00adsteue\u00adrung direkt aus der Schlep\u00adper\u00adka\u00adbine com\u00adpu\u00adter\u00adge\u00adnau m\u00f6g\u00adlich.<\/h4>\n<p>[\/vc_column_text][vc_empty_space height=\u201c25px\u201d][\/vc_column_inner][vc_column_inner width=\u201c1\/3\u201d][\/vc_column_inner][\/vc_row_inner][vc_row_inner][vc_column_inner]<\/p><div class=\"iw_core_cpt_wrapper iw_cpt_list iw_cpt_products_list iw_cpt_prd_lst without_pagination\"><div class=\"iw_cpt_categories iw_cpt_products_categories  hide_categories\"><\/div><div class=\"iw_core_cpt_posts_wrapper iw_cpt_products_list_posts_wrapper iw_cpt_prd_lst_psts_wrppr\" data-url=\"\/en\/wp-json\/wp\/v2\/pages\/923\" data-filter-category=\"14\" data-filter-author data-number-of-posts=\"9\" data-order-field=\"date\" data-order-direction=\"asc\" data-columns=\"3\" data-hide-excerpt-in-list=\"false\" data-hide-date-in-list=\"false\" data-date-format data-show-meta-information-in-list=\"false\" data-show-image-source-in-list=\"false\" data-show-author-in-list=\"false\" data-additional-class data-post-image-height data-square-images=\"false\" data-overlay-enable=\"false\" data-search-enable=\"true\" data-category-type=\"none\" data-category-level=\"all\" data-category-order-field=\"date\" data-category-order-direction=\"DESC\" data-pagination-type=\"none\" data-custom-shortcode=\"iw_cpt_products_list_custom_item\" data-custom-shortcode-options=\"item_id,ID\" data-secondary-filter-taxonomy data-secondary-filter-term data-exclude-post-ids data-search data-category data-page=\"1\" data-offset=\"0\" data-fields=\"iw_filter_category,iw_filter_author,iw_number_of_posts,iw_order_field,iw_order_direction,iw_columns,iw_hide_excerpt_in_list,iw_hide_date_in_list,iw_date_format,iw_show_meta_information_in_list,iw_show_image_source_in_list,iw_show_author_in_list,additional_class,iw_post_image_height,iw_square_images,iw_overlay_enable,iw_search_enable,iw_category_type,iw_category_level,iw_category_order_field,iw_category_order_direction,iw_pagination_type,iw_custom_shortcode,iw_custom_shortcode_options,iw_secondary_filter_taxonomy,iw_secondary_filter_term,iw_exclude_post_ids,iw_search,iw_category,iw_page,iw_offset\"><div class=\"cpt-col-1-3\"><article class=\"iw_cpt_products_list_post iw_cpt_list_post \">\n                <div class=\"post_thumbnail_area\" style=\"height:260px\">\n                    <a href=\"https:\/\/www.meyer-lohne.de\/en\/produkt\/meytronic\/\" title=\"MEYTRONIC\">\n                        <img decoding=\"async\" width=\"760\" height=\"500\" src=\"https:\/\/www.meyer-lohne.de\/wp-content\/uploads\/2023\/11\/MEYTRONIC-Preview.jpg\" class=\"attachment-full size-full wp-post-image\" alt loading=\"lazy\" srcset=\"https:\/\/www.meyer-lohne.de\/wp-content\/uploads\/2023\/11\/MEYTRONIC-Preview.jpg 760w, https:\/\/www.meyer-lohne.de\/wp-content\/uploads\/2023\/11\/MEYTRONIC-Preview-300x197.jpg 300w\" sizes=\"auto, (max-width: 760px) 100vw, 760px\">\n                    <\/a>\n                <\/div>\n                <div class=\"post_content_area\">\n                    <div class=\"white\"><\/div>\n                    <div class=\"post_content_area_headline\">\n                        <p class=\"headline\">\n                            MEYTRONIC\n                        <\/p>\n                    <\/div>\n                    <p class=\"excerpt\">\n                            Der MEYTRONIC Bord\u00adcom\u00adpu\u00adter erm\u00f6g\u00adlicht die Bedie\u00adnung aller Funk\u00adtio\u00adnen des G\u00fcl\u00adle\u00adwa\u00adgens \u00fcber einen Farb\u00admo\u00adni\u00adtor in Touch-Screen-Aus\u00adf\u00fch\u00adrung mit Joy\u00adstick f\u00fcr Kran\u00adsteue\u00adrung oder alter\u00adna\u00adtiv mit Mul\u00adti\u00adfunk\u00adti\u00adons\u00adgriff. Es besteht ledig\u00adlich eine Kabel\u00adver\u00adbin\u00addung vom Bedien\u00adtermi\u00adnal des Schlep\u00adpers zur elek\u00adtro-hydrau\u00adli\u00adschen Steue\u00adrung des G\u00fcl\u00adle\u00adwa\u00adgens.\n                        <\/p>     \n                    <div class=\"link_wrapper\">\n                            <a href=\"https:\/\/www.meyer-lohne.de\/en\/produkt\/meytronic\/\" title=\"MEYTRONIC\">\n                                Show pro\u00adduct\n                            <\/a>\n                        <\/div>     \n                <\/div>\n            <\/article><\/div><div class=\"cpt-col-1-3\"><article class=\"iw_cpt_products_list_post iw_cpt_list_post even\">\n                <div class=\"post_thumbnail_area\" style=\"height:260px\">\n                    <a href=\"https:\/\/www.meyer-lohne.de\/en\/produkt\/isobus-gateway-nach-iso-11783\/\" title=\"ISOBUS-GATEWAY nach ISO 11783\">\n                        <img decoding=\"async\" width=\"760\" height=\"500\" src=\"https:\/\/www.meyer-lohne.de\/wp-content\/uploads\/2023\/11\/ISOBUS-Steuerung-ISO-Norm-11783-Preview.jpg\" class=\"attachment-full size-full wp-post-image\" alt loading=\"lazy\" srcset=\"https:\/\/www.meyer-lohne.de\/wp-content\/uploads\/2023\/11\/ISOBUS-Steuerung-ISO-Norm-11783-Preview.jpg 760w, https:\/\/www.meyer-lohne.de\/wp-content\/uploads\/2023\/11\/ISOBUS-Steuerung-ISO-Norm-11783-Preview-300x197.jpg 300w\" sizes=\"auto, (max-width: 760px) 100vw, 760px\">\n                    <\/a>\n                <\/div>\n                <div class=\"post_content_area\">\n                    <div class=\"white\"><\/div>\n                    <div class=\"post_content_area_headline\">\n                        <p class=\"headline\">\n                            ISOBUS-GATEWAY nach ISO 11783\n                        <\/p>\n                    <\/div>\n                    <p class=\"excerpt\">\n                            Alle G\u00fcl\u00adle\u00adwa\u00adgen mit MEYTRONIC Steue\u00adrung k\u00f6n\u00adnen mit\u00adtels des MEYTRONIC ISOBUS-GATEWAY zu einer voll\u00adwer\u00adti\u00adgen ISO\u00adBUS-Steue\u00adrung erwei\u00adtert wer\u00adden. Dadurch bleibt die gewohnte intui\u00adtive Bedie\u00adnung der MEYTRONIC bestehen.\n                        <\/p>     \n                    <div class=\"link_wrapper\">\n                            <a href=\"https:\/\/www.meyer-lohne.de\/en\/produkt\/isobus-gateway-nach-iso-11783\/\" title=\"ISOBUS-GATEWAY nach ISO 11783\">\n                                Show pro\u00adduct\n                            <\/a>\n                        <\/div>     \n                <\/div>\n            <\/article><\/div><div class=\"cpt-col-1-3\"><article class=\"iw_cpt_products_list_post iw_cpt_list_post \">\n                <div class=\"post_thumbnail_area\" style=\"height:260px\">\n                    <a href=\"https:\/\/www.meyer-lohne.de\/en\/produkt\/komfort-steuerung\/\" title=\"Komfort-Steuerung\">\n                        <img decoding=\"async\" width=\"760\" height=\"500\" src=\"https:\/\/www.meyer-lohne.de\/wp-content\/uploads\/2023\/11\/Komfort-Steuerung-Preview.jpg\" class=\"attachment-full size-full wp-post-image\" alt loading=\"lazy\" srcset=\"https:\/\/www.meyer-lohne.de\/wp-content\/uploads\/2023\/11\/Komfort-Steuerung-Preview.jpg 760w, https:\/\/www.meyer-lohne.de\/wp-content\/uploads\/2023\/11\/Komfort-Steuerung-Preview-300x197.jpg 300w\" sizes=\"auto, (max-width: 760px) 100vw, 760px\">\n                    <\/a>\n                <\/div>\n                <div class=\"post_content_area\">\n                    <div class=\"white\"><\/div>\n                    <div class=\"post_content_area_headline\">\n                        <p class=\"headline\">\n                            Kom\u00adfort-Steue\u00adrung\n                        <\/p>\n                    <\/div>\n                    <p class=\"excerpt\">\n                            Die\u00adses Ter\u00admi\u00adnal bie\u00adtet ein\u00adfa\u00adche Funk\u00adtio\u00adna\u00adli\u00adt\u00e4t auf engs\u00adtem Raum, damit bleibt die Sicht in der Schlep\u00adper\u00adka\u00adbine frei.\n                        <\/p>     \n                    <div class=\"link_wrapper\">\n                            <a href=\"https:\/\/www.meyer-lohne.de\/en\/produkt\/komfort-steuerung\/\" title=\"Komfort-Steuerung\">\n                                Show pro\u00adduct\n                            <\/a>\n                        <\/div>     \n                <\/div>\n            <\/article><\/div><div class=\"clearfix\"><\/div><div class=\"iw_cpt_pagination iw_cpt_products_pagination\"><div class=\"prev_area \"><div class=\"prev_arrow\"><svg class=\"arrow_back_no_fill \" height=\"24\" viewBox=\"170 -800 640 640\" width=\"24\">\n                            <path d=\"m313-440 224 224-57 56-320-320 320-320 57 56-224 224h487v80H313Z\" \/>\n                        <\/svg><\/div><div class=\"clearfix\"><\/div><\/div><div class=\"page\">1 \/ 1<\/div><div class=\"next_area \"><div class=\"next_arrow\"><svg class=\"arrow_forward_no_fill \" height=\"24\" viewBox=\"170 -800 640 640\" width=\"24\">\n                            <path d=\"M647-440H160v-80h487L423-744l57-56 320 320-320 320-57-56 224-224Z\" \/>\n                        <\/svg><\/div><div class=\"clearfix\"><\/div><\/div><\/div><\/div><\/div>[\/vc_column_inner][\/vc_row_inner][vc_row_inner][vc_column_inner][vc_empty_space height=\u201c50px\u201d][\/vc_column_inner][\/vc_row_inner][\/vc_column][\/vc_row][vc_row full_width=\u201cstretch_row\u201d][vc_column]            <div class=\"iw_anchor \">\n                <div id=\"andocken\" class=\"iw_anchor_element\" style=\"top: -100px\"><\/div>\n            <\/div>\n[vc_row_inner][vc_column_inner offset=\u201cvc_hidden-xs\u201d][vc_empty_space height=\u201c50px\u201d][\/vc_column_inner][\/vc_row_inner][vc_row_inner][vc_column_inner][vc_empty_space height=\u201c50px\u201d][\/vc_column_inner][\/vc_row_inner][vc_row_inner][vc_column_inner width=\u201c2\/3\u201d]            <div class=\"sml_highlight_headline \">\n            \n                <div class=\"square_wrapper\">  \n                    <svg width=\"24\" height=\"24\" viewBox=\"0 0 24 24\">\n                  <rect id=\"sml_square_01\" data-name=\"SML Square 1\" width=\"24\" height=\"24\" fill=\"#ae2135\" \/>\n                <\/svg>\n                    <svg width=\"24\" height=\"24\" viewBox=\"0 0 24 24\">\n                  <rect id=\"sml_square_01\" data-name=\"SML Square 1\" width=\"24\" height=\"24\" fill=\"#d7102d\" \/>\n                <\/svg>\n                    <svg width=\"24\" height=\"24\" viewBox=\"0 0 24 24\">\n                  <rect id=\"sml_square_01\" data-name=\"SML Square 1\" width=\"24\" height=\"24\" fill=\"#d7102d\" \/>\n                <\/svg>\n                    <svg width=\"24\" height=\"24\" viewBox=\"0 0 24 24\">\n                  <rect id=\"sml_square_01\" data-name=\"SML Square 1\" width=\"24\" height=\"24\" fill=\"#ae2135\" \/>\n                <\/svg>\n                    <svg width=\"24\" height=\"24\" viewBox=\"0 0 24 24\">\n                  <rect id=\"sml_square_01\" data-name=\"SML Square 1\" width=\"24\" height=\"24\" fill=\"#d7102d\" \/>\n                <\/svg>\n                    <svg width=\"24\" height=\"24\" viewBox=\"0 0 24 24\">\n                  <rect id=\"sml_square_01\" data-name=\"SML Square 1\" width=\"24\" height=\"24\" fill=\"#d7102d\" \/>\n                <\/svg>\n                    <div class=\"clearfix\"><\/div>\n                <\/div>\n                \n                <div class=\"text_wrapper\">\n                    <h2>ANDOCK-\/SAUGSYSTEME<\/h2>\n                <\/div>\n               \n                <div class=\"clearfix\"><\/div>\n                \n            <\/div>[vc_empty_space height=\u201c10px\u201d][vc_column_text]\n<h4>Beim Aus\u00adbrin\u00adgen von G\u00fclle muss es immer schnel\u00adler gehen. F\u00e4s\u00adser mit auto\u00adma\u00adti\u00adsier\u00adten Saug\u00adsys\u00adte\u00admen und Andock\u00adsta\u00adtio\u00adnen hel\u00adfen Zeit zu spa\u00adren und brin\u00adgen ein H\u00f6chst\u00adma\u00df an Kom\u00adfort. Der Fah\u00adrer muss nicht mehr umst\u00e4nd\u00adlich vom Schlep\u00adper abstei\u00adgen und den Saug\u00adschlauch ankop\u00adpeln, son\u00addern er bet\u00e4\u00adtigt per Knopf\u00addruck vom Fah\u00adrer\u00adsitz aus die Sys\u00adteme.<\/h4>\n<p>[\/vc_column_text][vc_empty_space height=\u201c25px\u201d][\/vc_column_inner][vc_column_inner width=\u201c1\/3\u201d][\/vc_column_inner][\/vc_row_inner][vc_row_inner][vc_column_inner]<\/p><div class=\"iw_core_cpt_wrapper iw_cpt_list iw_cpt_products_list iw_cpt_prd_lst without_pagination\"><div class=\"iw_cpt_categories iw_cpt_products_categories  hide_categories\"><\/div><div class=\"iw_core_cpt_posts_wrapper iw_cpt_products_list_posts_wrapper iw_cpt_prd_lst_psts_wrppr\" data-url=\"\/en\/wp-json\/wp\/v2\/pages\/923\" data-filter-category=\"15\" data-filter-author data-number-of-posts=\"9\" data-order-field=\"date\" data-order-direction=\"asc\" data-columns=\"3\" data-hide-excerpt-in-list=\"false\" data-hide-date-in-list=\"false\" data-date-format data-show-meta-information-in-list=\"false\" data-show-image-source-in-list=\"false\" data-show-author-in-list=\"false\" data-additional-class data-post-image-height data-square-images=\"false\" data-overlay-enable=\"false\" data-search-enable=\"true\" data-category-type=\"none\" data-category-level=\"all\" data-category-order-field=\"date\" data-category-order-direction=\"DESC\" data-pagination-type=\"none\" data-custom-shortcode=\"iw_cpt_products_list_custom_item\" data-custom-shortcode-options=\"item_id,ID\" data-secondary-filter-taxonomy data-secondary-filter-term data-exclude-post-ids data-search data-category data-page=\"1\" data-offset=\"0\" data-fields=\"iw_filter_category,iw_filter_author,iw_number_of_posts,iw_order_field,iw_order_direction,iw_columns,iw_hide_excerpt_in_list,iw_hide_date_in_list,iw_date_format,iw_show_meta_information_in_list,iw_show_image_source_in_list,iw_show_author_in_list,additional_class,iw_post_image_height,iw_square_images,iw_overlay_enable,iw_search_enable,iw_category_type,iw_category_level,iw_category_order_field,iw_category_order_direction,iw_pagination_type,iw_custom_shortcode,iw_custom_shortcode_options,iw_secondary_filter_taxonomy,iw_secondary_filter_term,iw_exclude_post_ids,iw_search,iw_category,iw_page,iw_offset\"><div class=\"cpt-col-1-3\"><article class=\"iw_cpt_products_list_post iw_cpt_list_post \">\n                <div class=\"post_thumbnail_area\" style=\"height:260px\">\n                    <a href=\"https:\/\/www.meyer-lohne.de\/en\/produkt\/eco-andockstation\/\" title=\"ECO-Andockstation\">\n                        <img decoding=\"async\" width=\"760\" height=\"500\" src=\"https:\/\/www.meyer-lohne.de\/wp-content\/uploads\/2023\/11\/ECO-Andockstation-Preview.jpg\" class=\"attachment-full size-full wp-post-image\" alt loading=\"lazy\" srcset=\"https:\/\/www.meyer-lohne.de\/wp-content\/uploads\/2023\/11\/ECO-Andockstation-Preview.jpg 760w, https:\/\/www.meyer-lohne.de\/wp-content\/uploads\/2023\/11\/ECO-Andockstation-Preview-300x197.jpg 300w\" sizes=\"auto, (max-width: 760px) 100vw, 760px\">\n                    <\/a>\n                <\/div>\n                <div class=\"post_content_area\">\n                    <div class=\"white\"><\/div>\n                    <div class=\"post_content_area_headline\">\n                        <p class=\"headline\">\n                            ECO-Andock\u00adsta\u00adtion\n                        <\/p>\n                    <\/div>\n                    <p class=\"excerpt\">\n                            Die ECO-Andock\u00adsta\u00adtion ist f\u00fcr ein ein\u00adfa\u00adches Ando\u00adcken \u00fcber Saug\u00adarme aus unter\u00adir\u00addi\u00adschen G\u00fcl\u00adle\u00adgru\u00adben oder Lagu\u00adnen bes\u00adtens geeig\u00adnet. Das Ankopp\u00adpeln vom Saug\u00adarm in den elas\u00adti\u00adschen Trich\u00adter erfolgt ohne Absteige vom Schlep\u00adper aus.\n                        <\/p>     \n                    <div class=\"link_wrapper\">\n                            <a href=\"https:\/\/www.meyer-lohne.de\/en\/produkt\/eco-andockstation\/\" title=\"ECO-Andockstation\">\n                                Show pro\u00adduct\n                            <\/a>\n                        <\/div>     \n                <\/div>\n            <\/article><\/div><div class=\"cpt-col-1-3\"><article class=\"iw_cpt_products_list_post iw_cpt_list_post even\">\n                <div class=\"post_thumbnail_area\" style=\"height:260px\">\n                    <a href=\"https:\/\/www.meyer-lohne.de\/en\/produkt\/automax-andockstation\/\" title=\"Automax-Andockstation\">\n                        <img decoding=\"async\" width=\"760\" height=\"500\" src=\"https:\/\/www.meyer-lohne.de\/wp-content\/uploads\/2023\/11\/Automax-Andockstation-Preview.jpg\" class=\"attachment-full size-full wp-post-image\" alt loading=\"lazy\" srcset=\"https:\/\/www.meyer-lohne.de\/wp-content\/uploads\/2023\/11\/Automax-Andockstation-Preview.jpg 760w, https:\/\/www.meyer-lohne.de\/wp-content\/uploads\/2023\/11\/Automax-Andockstation-Preview-300x197.jpg 300w\" sizes=\"auto, (max-width: 760px) 100vw, 760px\">\n                    <\/a>\n                <\/div>\n                <div class=\"post_content_area\">\n                    <div class=\"white\"><\/div>\n                    <div class=\"post_content_area_headline\">\n                        <p class=\"headline\">\n                            Auto\u00admax-Andock\u00adsta\u00adtion\n                        <\/p>\n                    <\/div>\n                    <p class=\"excerpt\">\n                            Durch auto\u00adma\u00adti\u00adsches \u00d6ff\u00adnen und Schlie\u00ad\u00dfen der Schie\u00adber ist bei unse\u00adrer mobi\u00adlen AUTO\u00adMAX-Andock\u00adsta\u00adtion ein Abstei\u00adgen vom Trak\u00adtor nicht mehr n\u00f6tig. Ein\u00adfa\u00adches Prin\u00adzip \u2013 gro\u00dfe Wir\u00adkung!\n                        <\/p>     \n                    <div class=\"link_wrapper\">\n                            <a href=\"https:\/\/www.meyer-lohne.de\/en\/produkt\/automax-andockstation\/\" title=\"Automax-Andockstation\">\n                                Show pro\u00adduct\n                            <\/a>\n                        <\/div>     \n                <\/div>\n            <\/article><\/div><div class=\"cpt-col-1-3\"><article class=\"iw_cpt_products_list_post iw_cpt_list_post \">\n                <div class=\"post_thumbnail_area\" style=\"height:260px\">\n                    <a href=\"https:\/\/www.meyer-lohne.de\/en\/produkt\/front-saugarm\/\" title=\"Front-Saugarm\">\n                        <img decoding=\"async\" width=\"760\" height=\"500\" src=\"https:\/\/www.meyer-lohne.de\/wp-content\/uploads\/2023\/11\/Front-Saugarm-Preview.jpg\" class=\"attachment-full size-full wp-post-image\" alt loading=\"lazy\" srcset=\"https:\/\/www.meyer-lohne.de\/wp-content\/uploads\/2023\/11\/Front-Saugarm-Preview.jpg 760w, https:\/\/www.meyer-lohne.de\/wp-content\/uploads\/2023\/11\/Front-Saugarm-Preview-300x197.jpg 300w\" sizes=\"auto, (max-width: 760px) 100vw, 760px\">\n                    <\/a>\n                <\/div>\n                <div class=\"post_content_area\">\n                    <div class=\"white\"><\/div>\n                    <div class=\"post_content_area_headline\">\n                        <p class=\"headline\">\n                            Front-Saug\u00adarm\n                        <\/p>\n                    <\/div>\n                    <p class=\"excerpt\">\n                            Mit einem Andock\u00adsys\u00adtem in der Front\u00adhy\u00addrau\u00adlik des Schlep\u00adpers wird ein gezo\u00adge\u00adner G\u00fcl\u00adle\u00adwa\u00adgen zum opti\u00adma\u00adlen schlag\u00adkr\u00e4f\u00adti\u00adgen Aus\u00adbring\u00adsys\u00adtem in einer G\u00fcl\u00adle\u00adkette.\n                        <\/p>     \n                    <div class=\"link_wrapper\">\n                            <a href=\"https:\/\/www.meyer-lohne.de\/en\/produkt\/front-saugarm\/\" title=\"Front-Saugarm\">\n                                Show pro\u00adduct\n                            <\/a>\n                        <\/div>     \n                <\/div>\n            <\/article><\/div><div class=\"cpt-col-1-3\"><article class=\"iw_cpt_products_list_post iw_cpt_list_post even\">\n                <div class=\"post_thumbnail_area\" style=\"height:260px\">\n                    <a href=\"https:\/\/www.meyer-lohne.de\/en\/produkt\/maxi-saugarm\/\" title=\"MAXI-Saugarm\">\n                        <img decoding=\"async\" width=\"760\" height=\"500\" src=\"https:\/\/www.meyer-lohne.de\/wp-content\/uploads\/2023\/11\/MAXI-Saugarm-preview.jpg\" class=\"attachment-full size-full wp-post-image\" alt loading=\"lazy\" srcset=\"https:\/\/www.meyer-lohne.de\/wp-content\/uploads\/2023\/11\/MAXI-Saugarm-preview.jpg 760w, https:\/\/www.meyer-lohne.de\/wp-content\/uploads\/2023\/11\/MAXI-Saugarm-preview-300x197.jpg 300w\" sizes=\"auto, (max-width: 760px) 100vw, 760px\">\n                    <\/a>\n                <\/div>\n                <div class=\"post_content_area\">\n                    <div class=\"white\"><\/div>\n                    <div class=\"post_content_area_headline\">\n                        <p class=\"headline\">\n                            MAXI-Saug\u00adarm\n                        <\/p>\n                    <\/div>\n                    <p class=\"excerpt\">\n                            Der hydrau\u00adlisch bet\u00e4\u00adtigte Saug\u00adarm in Ver\u00adbin\u00addung mit der auto\u00adma\u00adti\u00adschen mobi\u00adlen Andock\u00adsta\u00adtion spart Zeit und Kraft und l\u00e4sst sich leicht vom Schlep\u00adper\u00adsitz aus bedie\u00adnen. Ein auf\u00adwen\u00addi\u00adges An- und Abkup\u00adpeln des Ansaug\u00adschlau\u00adches ist nicht mehr n\u00f6tig.\n                        <\/p>     \n                    <div class=\"link_wrapper\">\n                            <a href=\"https:\/\/www.meyer-lohne.de\/en\/produkt\/maxi-saugarm\/\" title=\"MAXI-Saugarm\">\n                                Show pro\u00adduct\n                            <\/a>\n                        <\/div>     \n                <\/div>\n            <\/article><\/div><div class=\"cpt-col-1-3\"><article class=\"iw_cpt_products_list_post iw_cpt_list_post \">\n                <div class=\"post_thumbnail_area\" style=\"height:260px\">\n                    <a href=\"https:\/\/www.meyer-lohne.de\/en\/produkt\/twin-eco-saugarm\/\" title=\"TWIN-ECO Saugarm\">\n                        <img decoding=\"async\" width=\"760\" height=\"500\" src=\"https:\/\/www.meyer-lohne.de\/wp-content\/uploads\/2023\/11\/TWIN-ECO-Saugarm-Preview.jpg\" class=\"attachment-full size-full wp-post-image\" alt loading=\"lazy\" srcset=\"https:\/\/www.meyer-lohne.de\/wp-content\/uploads\/2023\/11\/TWIN-ECO-Saugarm-Preview.jpg 760w, https:\/\/www.meyer-lohne.de\/wp-content\/uploads\/2023\/11\/TWIN-ECO-Saugarm-Preview-300x197.jpg 300w\" sizes=\"auto, (max-width: 760px) 100vw, 760px\">\n                    <\/a>\n                <\/div>\n                <div class=\"post_content_area\">\n                    <div class=\"white\"><\/div>\n                    <div class=\"post_content_area_headline\">\n                        <p class=\"headline\">\n                            TWIN-ECO Saug\u00adarm\n                        <\/p>\n                    <\/div>\n                    <p class=\"excerpt\">\n                            Dop\u00adpel\u00adge\u00adlenk-Arm f\u00fcr Gru\u00adben\u00adab\u00adsau\u00adgung.\n                        <\/p>     \n                    <div class=\"link_wrapper\">\n                            <a href=\"https:\/\/www.meyer-lohne.de\/en\/produkt\/twin-eco-saugarm\/\" title=\"TWIN-ECO Saugarm\">\n                                Show pro\u00adduct\n                            <\/a>\n                        <\/div>     \n                <\/div>\n            <\/article><\/div><div class=\"cpt-col-1-3\"><article class=\"iw_cpt_products_list_post iw_cpt_list_post even\">\n                <div class=\"post_thumbnail_area\" style=\"height:260px\">\n                    <a href=\"https:\/\/www.meyer-lohne.de\/en\/produkt\/twin-top-saugarm\/\" title=\"TWIN-TOP Saugarm\">\n                        <img decoding=\"async\" width=\"760\" height=\"500\" src=\"https:\/\/www.meyer-lohne.de\/wp-content\/uploads\/2023\/11\/TWIN-TOP-Saugarm-Preview.jpg\" class=\"attachment-full size-full wp-post-image\" alt loading=\"lazy\" srcset=\"https:\/\/www.meyer-lohne.de\/wp-content\/uploads\/2023\/11\/TWIN-TOP-Saugarm-Preview.jpg 760w, https:\/\/www.meyer-lohne.de\/wp-content\/uploads\/2023\/11\/TWIN-TOP-Saugarm-Preview-300x197.jpg 300w\" sizes=\"auto, (max-width: 760px) 100vw, 760px\">\n                    <\/a>\n                <\/div>\n                <div class=\"post_content_area\">\n                    <div class=\"white\"><\/div>\n                    <div class=\"post_content_area_headline\">\n                        <p class=\"headline\">\n                            TWIN-TOP Saug\u00adarm\n                        <\/p>\n                    <\/div>\n                    <p class=\"excerpt\">\n                            Dop\u00adpel\u00adge\u00adlen\u00adkig mit Saug\u00adbe\u00adschleu\u00adni\u00adger f\u00fcr Andock\u00adtrich\u00adter-Absau\u00adgung oben.\n                        <\/p>     \n                    <div class=\"link_wrapper\">\n                            <a href=\"https:\/\/www.meyer-lohne.de\/en\/produkt\/twin-top-saugarm\/\" title=\"TWIN-TOP Saugarm\">\n                                Show pro\u00adduct\n                            <\/a>\n                        <\/div>     \n                <\/div>\n            <\/article><\/div><div class=\"cpt-col-1-3\"><article class=\"iw_cpt_products_list_post iw_cpt_list_post \">\n                <div class=\"post_thumbnail_area\" style=\"height:260px\">\n                    <a href=\"https:\/\/www.meyer-lohne.de\/en\/produkt\/twin-multi-saugarm\/\" title=\"TWIN-MULTI Saugarm\">\n                        <img decoding=\"async\" width=\"760\" height=\"500\" src=\"https:\/\/www.meyer-lohne.de\/wp-content\/uploads\/2023\/11\/TWIN-MULTI-Saugarm-Preview.jpg\" class=\"attachment-full size-full wp-post-image\" alt loading=\"lazy\" srcset=\"https:\/\/www.meyer-lohne.de\/wp-content\/uploads\/2023\/11\/TWIN-MULTI-Saugarm-Preview.jpg 760w, https:\/\/www.meyer-lohne.de\/wp-content\/uploads\/2023\/11\/TWIN-MULTI-Saugarm-Preview-300x197.jpg 300w\" sizes=\"auto, (max-width: 760px) 100vw, 760px\">\n                    <\/a>\n                <\/div>\n                <div class=\"post_content_area\">\n                    <div class=\"white\"><\/div>\n                    <div class=\"post_content_area_headline\">\n                        <p class=\"headline\">\n                            TWIN-MULTI Saug\u00adarm\n                        <\/p>\n                    <\/div>\n                    <p class=\"excerpt\">\n                            Dop\u00adpel\u00adge\u00adlen\u00adkig mit Saug\u00adbe\u00adschleu\u00adni\u00adger f\u00fcr Gru\u00adben- und Andock\u00adtrich\u00adter-Absau\u00adgung oben.\n                        <\/p>     \n                    <div class=\"link_wrapper\">\n                            <a href=\"https:\/\/www.meyer-lohne.de\/en\/produkt\/twin-multi-saugarm\/\" title=\"TWIN-MULTI Saugarm\">\n                                Show pro\u00adduct\n                            <\/a>\n                        <\/div>     \n                <\/div>\n            <\/article><\/div><div class=\"cpt-col-1-3\"><article class=\"iw_cpt_products_list_post iw_cpt_list_post even\">\n                <div class=\"post_thumbnail_area\" style=\"height:260px\">\n                    <a href=\"https:\/\/www.meyer-lohne.de\/en\/produkt\/flex-pumpensaugkran\/\" title=\"FLEX-Pumpensaugkran\">\n                        <img decoding=\"async\" width=\"760\" height=\"500\" src=\"https:\/\/www.meyer-lohne.de\/wp-content\/uploads\/2023\/11\/FLEX-Pumpensaugkran-Preview.jpg\" class=\"attachment-full size-full wp-post-image\" alt loading=\"lazy\" srcset=\"https:\/\/www.meyer-lohne.de\/wp-content\/uploads\/2023\/11\/FLEX-Pumpensaugkran-Preview.jpg 760w, https:\/\/www.meyer-lohne.de\/wp-content\/uploads\/2023\/11\/FLEX-Pumpensaugkran-Preview-300x197.jpg 300w\" sizes=\"auto, (max-width: 760px) 100vw, 760px\">\n                    <\/a>\n                <\/div>\n                <div class=\"post_content_area\">\n                    <div class=\"white\"><\/div>\n                    <div class=\"post_content_area_headline\">\n                        <p class=\"headline\">\n                            FLEX-Pum\u00adpen\u00adsaug\u00adkran\n                        <\/p>\n                    <\/div>\n                    <p class=\"excerpt\">\n                            Flex steht f\u00fcr Fle\u00adxi\u00adbi\u00adli\u00adt\u00e4t in jeder allen Lebens\u00adla\u00adgen.\n                        <\/p>     \n                    <div class=\"link_wrapper\">\n                            <a href=\"https:\/\/www.meyer-lohne.de\/en\/produkt\/flex-pumpensaugkran\/\" title=\"FLEX-Pumpensaugkran\">\n                                Show pro\u00adduct\n                            <\/a>\n                        <\/div>     \n                <\/div>\n            <\/article><\/div><div class=\"clearfix\"><\/div><div class=\"iw_cpt_pagination iw_cpt_products_pagination\"><div class=\"prev_area \"><div class=\"prev_arrow\"><svg class=\"arrow_back_no_fill \" height=\"24\" viewBox=\"170 -800 640 640\" width=\"24\">\n                            <path d=\"m313-440 224 224-57 56-320-320 320-320 57 56-224 224h487v80H313Z\" \/>\n                        <\/svg><\/div><div class=\"clearfix\"><\/div><\/div><div class=\"page\">1 \/ 1<\/div><div class=\"next_area \"><div class=\"next_arrow\"><svg class=\"arrow_forward_no_fill \" height=\"24\" viewBox=\"170 -800 640 640\" width=\"24\">\n                            <path d=\"M647-440H160v-80h487L423-744l57-56 320 320-320 320-57-56 224-224Z\" \/>\n                        <\/svg><\/div><div class=\"clearfix\"><\/div><\/div><\/div><\/div><\/div>[\/vc_column_inner][\/vc_row_inner][vc_row_inner][vc_column_inner][vc_empty_space height=\u201c50px\u201d][\/vc_column_inner][\/vc_row_inner][\/vc_column][\/vc_row][vc_row full_width=\u201cstretch_row\u201d][vc_column][vc_row_inner][vc_column_inner offset=\u201cvc_hidden-xs\u201d][vc_empty_space height=\u201c50px\u201d][\/vc_column_inner][\/vc_row_inner][vc_row_inner][vc_column_inner][vc_empty_space height=\u201c50px\u201d][\/vc_column_inner][\/vc_row_inner][vc_row_inner][vc_column_inner width=\u201c2\/3\u201d]            <div class=\"sml_highlight_headline \">\n            \n                <div class=\"square_wrapper\">  \n                    <svg width=\"24\" height=\"24\" viewBox=\"0 0 24 24\">\n                  <rect id=\"sml_square_01\" data-name=\"SML Square 1\" width=\"24\" height=\"24\" fill=\"#d7102d\" \/>\n                <\/svg>\n                    <svg width=\"24\" height=\"24\" viewBox=\"0 0 24 24\">\n                  <rect id=\"sml_square_01\" data-name=\"SML Square 1\" width=\"24\" height=\"24\" fill=\"#d7102d\" \/>\n                <\/svg>\n                    <svg width=\"24\" height=\"24\" viewBox=\"0 0 24 24\">\n                  <rect id=\"sml_square_01\" data-name=\"SML Square 1\" width=\"24\" height=\"24\" fill=\"#ae2135\" \/>\n                <\/svg>\n                    <svg width=\"24\" height=\"24\" viewBox=\"0 0 24 24\">\n                  <rect id=\"sml_square_01\" data-name=\"SML Square 1\" width=\"24\" height=\"24\" fill=\"#d7102d\" \/>\n                <\/svg>\n                    <svg width=\"24\" height=\"24\" viewBox=\"0 0 24 24\">\n                  <rect id=\"sml_square_01\" data-name=\"SML Square 1\" width=\"24\" height=\"24\" fill=\"#ae2135\" \/>\n                <\/svg>\n                    <svg width=\"24\" height=\"24\" viewBox=\"0 0 24 24\">\n                  <rect id=\"sml_square_01\" data-name=\"SML Square 1\" width=\"24\" height=\"24\" fill=\"#d7102d\" \/>\n                <\/svg>\n                    <div class=\"clearfix\"><\/div>\n                <\/div>\n                \n                <div class=\"text_wrapper\">\n                    <h2>SERVICE<\/h2>\n                <\/div>\n               \n                <div class=\"clearfix\"><\/div>\n                \n            <\/div>[vc_empty_space height=\u201c10px\u201d][vc_column_text]Bereits bei der Ent\u00adwick\u00adlung von unse\u00adren Pro\u00adduk\u00adten machen wir uns Gedan\u00adken \u00fcber War\u00adtung und Repa\u00adra\u00adtur. Ihre Zufrie\u00adden\u00adheit steht f\u00fcr uns an ers\u00adter Stelle \u2013 daf\u00fcr tun wir alles.[\/vc_column_text]                <div class=\"iw_wbs_button \" style=\"text-align:left\">\n                    <a href=\"https:\/\/www.meyer-lohne.de\/service\/\" target>\n                        <button>\n                            \n                            ZUM SERVICE BEREICH\n                        <\/button>\n                    <\/a>\n                <\/div>\n[\/vc_column_inner][vc_column_inner width=\u201c1\/3\u201d][\/vc_column_inner][\/vc_row_inner][vc_row_inner][vc_column_inner][vc_empty_space height=\u201c50px\u201d][\/vc_column_inner][\/vc_row_inner][\/vc_column][\/vc_row][vc_row full_width=\u201cstretch_row\u201d][vc_column][vc_row_inner][vc_column_inner offset=\u201cvc_hidden-xs\u201d][vc_empty_space height=\u201c50px\u201d][\/vc_column_inner][\/vc_row_inner][vc_row_inner][vc_column_inner][vc_empty_space height=\u201c50px\u201d][\/vc_column_inner][\/vc_row_inner][vc_row_inner][vc_column_inner width=\u201c1\/2\u201d][vc_single_image image=\u201c239\u201d img_size=\u201cfull\u201d alignment=\u201ccenter\u201d][\/vc_column_inner][vc_column_inner width=\u201c1\/2\u201d]            <div class=\"sml_highlight_headline \">\n            \n                <div class=\"square_wrapper\">  \n                    <svg width=\"24\" height=\"24\" viewBox=\"0 0 24 24\">\n                  <rect id=\"sml_square_01\" data-name=\"SML Square 1\" width=\"24\" height=\"24\" fill=\"#ae2135\" \/>\n                <\/svg>\n                    <svg width=\"24\" height=\"24\" viewBox=\"0 0 24 24\">\n                  <rect id=\"sml_square_01\" data-name=\"SML Square 1\" width=\"24\" height=\"24\" fill=\"#d7102d\" \/>\n                <\/svg>\n                    <svg width=\"24\" height=\"24\" viewBox=\"0 0 24 24\">\n                  <rect id=\"sml_square_01\" data-name=\"SML Square 1\" width=\"24\" height=\"24\" fill=\"#d7102d\" \/>\n                <\/svg>\n                    <svg width=\"24\" height=\"24\" viewBox=\"0 0 24 24\">\n                  <rect id=\"sml_square_01\" data-name=\"SML Square 1\" width=\"24\" height=\"24\" fill=\"#d7102d\" \/>\n                <\/svg>\n                    <svg width=\"24\" height=\"24\" viewBox=\"0 0 24 24\">\n                  <rect id=\"sml_square_01\" data-name=\"SML Square 1\" width=\"24\" height=\"24\" fill=\"#ae2135\" \/>\n                <\/svg>\n                    <svg width=\"24\" height=\"24\" viewBox=\"0 0 24 24\">\n                  <rect id=\"sml_square_01\" data-name=\"SML Square 1\" width=\"24\" height=\"24\" fill=\"#d7102d\" \/>\n                <\/svg>\n                    <div class=\"clearfix\"><\/div>\n                <\/div>\n                \n                <div class=\"text_wrapper\">\n                    <h2>SPRECHEN SIE UNS AN<\/h2>\n                <\/div>\n               \n                <div class=\"clearfix\"><\/div>\n                \n            <\/div>[vc_empty_space height=\u201c10px\u201d][vc_column_text]\n<h4>Bei Fra\u00adgen und Pro\u00adble\u00admen wen\u00adden Sie sich an den Ser\u00advice der Maschi\u00adnen\u00adfa\u00adbrik MEYER-LOHNE.<\/h4>\n<p>[\/vc_column_text]                <\/p><div class=\"iw_wbs_button \" style=\"text-align:left\">\n                    <a href=\"https:\/\/www.meyer-lohne.de\/kontakt\/\" target>\n                        <button>\n                            \n                            ANSPRECHPARTNER FINDEN\n                        <\/button>\n                    <\/a>\n                <\/div>\n[\/vc_column_inner][\/vc_row_inner][vc_row_inner][vc_column_inner][vc_empty_space height=\u201c50px\u201d][\/vc_column_inner][\/vc_row_inner][vc_row_inner][vc_column_inner][vc_empty_space height=\u201c100px\u201d][\/vc_column_inner][\/vc_row_inner][\/vc_column][\/vc_row]\n<\/div>","protected":false},"excerpt":{"rendered":"<p>[vc_row full_width=\u201cstretch_row_content_no_spaces\u201d][vc_column][vc_row_inner][vc_column_inner][\/vc_column_inner][\/vc_row_inner][\/vc_column][\/vc_row][vc_row full_width=\u201cstretch_row\u201d][vc_column][vc_row_inner][vc_column_inner offset=\u201cvc_hidden-xs\u201d][vc_empty_space height=\u201c50px\u201d][\/vc_column_inner][\/vc_row_inner][vc_row_inner][vc_column_inner][vc_empty_space height=\u201c50px\u201d][\/vc_column_inner][\/vc_row_inner][vc_row_inner][vc_column_inner width=\u201c2\/3\u201d][vc_column_text css=\u201d.vc_custom_1697719642309{margin-bottom: 10px !important;}\u201d] REKORDIA\u00ae \u2013 Der G\u00fcl\u00adle\u00adwa\u00adgen [\/vc_column_text][vc_column_text] Der Name REKORDIA\u00ae steht seit \u00fcber f\u00fcnf Jahr\u00adzehn\u00adten f\u00fcr zuver\u00adl\u00e4s\u00adsige und wirt\u00adschaft\u00adli\u00adche G\u00fcl\u00adle\u00adfahr\u00adzeuge hand\u00admade by Meyer-Lohne. [\/vc_column_text][vc_empty_space height=\u201c25px\u201d][vc_column_text]REKORDIA\u00ae-G\u00fcllewagen k\u00f6n\u00adnen auf Ihre spe\u00adzi\u00adel\u00adlen Anfor\u00adde\u00adrun\u00adgen zuge\u00adschnit\u00adten wer\u00adden. Eigene Ent\u00adwick\u00adlun\u00adgen und modernste Fer\u00adti\u00adgungs\u00adme\u00adtho\u00adden gew\u00e4hr\u00adleis\u00adten Ihnen ein H\u00f6chst\u00adma\u00df an Qua\u00adli\u00adt\u00e4t. Wir set\u00adzen neu\u00adeste EDV-und [\u2026]<\/p>\n","protected":false},"author":3,"featured_media":0,"parent":921,"menu_order":0,"comment_status":"closed","ping_status":"closed","template":"","meta":{"wp_typography_post_enhancements_disabled":false,"footnotes":""},"class_list":["post-923","page","type-page","status-publish","hentry"],"yoast_head":"<!-- This site is optimized with the Yoast SEO plugin v27.4 - https:\/\/yoast.com\/product\/yoast-seo-wordpress\/ -->\n<title>REKORDIA - Der G\u00fcllewagen \u2013 MEYER-LOHNE<\/title>\n<meta name=\"description\" content=\"REKORDIA\u00ae-G\u00fcllewagen k\u00f6nnen auf Ihre speziellen Anforderungen zugeschnitten werden und erf\u00fcllen ein H\u00f6chstma\u00df an Qualit\u00e4t. | Mehr erfahren...\" \/>\n<meta name=\"robots\" content=\"index, follow, max-snippet:-1, max-image-preview:large, max-video-preview:-1\" \/>\n<link rel=\"canonical\" href=\"https:\/\/www.meyer-lohne.de\/en\/produkte\/rekordia-der-guellewagen\/\" \/>\n<meta property=\"og:locale\" content=\"en_US\" \/>\n<meta property=\"og:type\" content=\"article\" \/>\n<meta property=\"og:title\" content=\"REKORDIA - Der G\u00fcllewagen \u2013 MEYER-LOHNE\" \/>\n<meta property=\"og:description\" content=\"REKORDIA\u00ae-G\u00fcllewagen k\u00f6nnen auf Ihre speziellen Anforderungen zugeschnitten werden und erf\u00fcllen ein H\u00f6chstma\u00df an Qualit\u00e4t. | Mehr erfahren...\" \/>\n<meta property=\"og:url\" content=\"https:\/\/www.meyer-lohne.de\/en\/produkte\/rekordia-der-guellewagen\/\" \/>\n<meta property=\"og:site_name\" content=\"System Meyer Lohne\" \/>\n<meta property=\"article:modified_time\" content=\"2023-11-10T19:30:12+00:00\" \/>\n<meta name=\"twitter:card\" content=\"summary_large_image\" \/>\n<meta name=\"twitter:label1\" content=\"Est. reading time\" \/>\n\t<meta name=\"twitter:data1\" content=\"4 minutes\" \/>\n<script type=\"application\/ld+json\" class=\"yoast-schema-graph\">{\"@context\":\"https:\\\/\\\/schema.org\",\"@graph\":[{\"@type\":\"WebPage\",\"@id\":\"https:\\\/\\\/www.meyer-lohne.de\\\/en\\\/produkte\\\/rekordia-der-guellewagen\\\/\",\"url\":\"https:\\\/\\\/www.meyer-lohne.de\\\/en\\\/produkte\\\/rekordia-der-guellewagen\\\/\",\"name\":\"REKORDIA - Der G\u00fcllewagen \u2013 MEYER-LOHNE\",\"isPartOf\":{\"@id\":\"https:\\\/\\\/www.meyer-lohne.de\\\/en\\\/#website\"},\"datePublished\":\"2023-06-15T12:00:11+00:00\",\"dateModified\":\"2023-11-10T19:30:12+00:00\",\"description\":\"REKORDIA\u00ae-G\u00fcllewagen k\u00f6nnen auf Ihre speziellen Anforderungen zugeschnitten werden und erf\u00fcllen ein H\u00f6chstma\u00df an Qualit\u00e4t. | Mehr erfahren...\",\"breadcrumb\":{\"@id\":\"https:\\\/\\\/www.meyer-lohne.de\\\/en\\\/produkte\\\/rekordia-der-guellewagen\\\/#breadcrumb\"},\"inLanguage\":\"en-US\",\"potentialAction\":[{\"@type\":\"ReadAction\",\"target\":[\"https:\\\/\\\/www.meyer-lohne.de\\\/en\\\/produkte\\\/rekordia-der-guellewagen\\\/\"]}]},{\"@type\":\"BreadcrumbList\",\"@id\":\"https:\\\/\\\/www.meyer-lohne.de\\\/en\\\/produkte\\\/rekordia-der-guellewagen\\\/#breadcrumb\",\"itemListElement\":[{\"@type\":\"ListItem\",\"position\":1,\"name\":\"Startseite\",\"item\":\"https:\\\/\\\/www.meyer-lohne.de\\\/en\\\/home\\\/\"},{\"@type\":\"ListItem\",\"position\":2,\"name\":\"Produkte\",\"item\":\"https:\\\/\\\/www.meyer-lohne.de\\\/en\\\/produkte\\\/\"},{\"@type\":\"ListItem\",\"position\":3,\"name\":\"REKORDIA \u2013 Der G\u00fcllewagen\"}]},{\"@type\":\"WebSite\",\"@id\":\"https:\\\/\\\/www.meyer-lohne.de\\\/en\\\/#website\",\"url\":\"https:\\\/\\\/www.meyer-lohne.de\\\/en\\\/\",\"name\":\"System Meyer Lohne\",\"description\":\"\",\"potentialAction\":[{\"@type\":\"SearchAction\",\"target\":{\"@type\":\"EntryPoint\",\"urlTemplate\":\"https:\\\/\\\/www.meyer-lohne.de\\\/en\\\/?s={search_term_string}\"},\"query-input\":{\"@type\":\"PropertyValueSpecification\",\"valueRequired\":true,\"valueName\":\"search_term_string\"}}],\"inLanguage\":\"en-US\"}]}<\/script>\n<!-- \/ Yoast SEO plugin. -->","yoast_head_json":{"title":"REKORDIA - Der G\u00fcllewagen \u2013 MEYER-LOHNE","description":"REKORDIA\u00ae-G\u00fcllewagen k\u00f6nnen auf Ihre speziellen Anforderungen zugeschnitten werden und erf\u00fcllen ein H\u00f6chstma\u00df an Qualit\u00e4t. | Mehr erfahren...","robots":{"index":"index","follow":"follow","max-snippet":"max-snippet:-1","max-image-preview":"max-image-preview:large","max-video-preview":"max-video-preview:-1"},"canonical":"https:\/\/www.meyer-lohne.de\/en\/produkte\/rekordia-der-guellewagen\/","og_locale":"en_US","og_type":"article","og_title":"REKORDIA - Der G\u00fcllewagen \u2013 MEYER-LOHNE","og_description":"REKORDIA\u00ae-G\u00fcllewagen k\u00f6nnen auf Ihre speziellen Anforderungen zugeschnitten werden und erf\u00fcllen ein H\u00f6chstma\u00df an Qualit\u00e4t. | Mehr erfahren...","og_url":"https:\/\/www.meyer-lohne.de\/en\/produkte\/rekordia-der-guellewagen\/","og_site_name":"System Meyer Lohne","article_modified_time":"2023-11-10T19:30:12+00:00","twitter_card":"summary_large_image","twitter_misc":{"Est. reading time":"4 minutes"},"schema":{"@context":"https:\/\/schema.org","@graph":[{"@type":"WebPage","@id":"https:\/\/www.meyer-lohne.de\/en\/produkte\/rekordia-der-guellewagen\/","url":"https:\/\/www.meyer-lohne.de\/en\/produkte\/rekordia-der-guellewagen\/","name":"REKORDIA - Der G\u00fcllewagen \u2013 MEYER-LOHNE","isPartOf":{"@id":"https:\/\/www.meyer-lohne.de\/en\/#website"},"datePublished":"2023-06-15T12:00:11+00:00","dateModified":"2023-11-10T19:30:12+00:00","description":"REKORDIA\u00ae-G\u00fcllewagen k\u00f6nnen auf Ihre speziellen Anforderungen zugeschnitten werden und erf\u00fcllen ein H\u00f6chstma\u00df an Qualit\u00e4t. | Mehr erfahren...","breadcrumb":{"@id":"https:\/\/www.meyer-lohne.de\/en\/produkte\/rekordia-der-guellewagen\/#breadcrumb"},"inLanguage":"en-US","potentialAction":[{"@type":"ReadAction","target":["https:\/\/www.meyer-lohne.de\/en\/produkte\/rekordia-der-guellewagen\/"]}]},{"@type":"BreadcrumbList","@id":"https:\/\/www.meyer-lohne.de\/en\/produkte\/rekordia-der-guellewagen\/#breadcrumb","itemListElement":[{"@type":"ListItem","position":1,"name":"Startseite","item":"https:\/\/www.meyer-lohne.de\/en\/home\/"},{"@type":"ListItem","position":2,"name":"Produkte","item":"https:\/\/www.meyer-lohne.de\/en\/produkte\/"},{"@type":"ListItem","position":3,"name":"REKORDIA \u2013 Der G\u00fcllewagen"}]},{"@type":"WebSite","@id":"https:\/\/www.meyer-lohne.de\/en\/#website","url":"https:\/\/www.meyer-lohne.de\/en\/","name":"System Meyer Lohne","description":"","potentialAction":[{"@type":"SearchAction","target":{"@type":"EntryPoint","urlTemplate":"https:\/\/www.meyer-lohne.de\/en\/?s={search_term_string}"},"query-input":{"@type":"PropertyValueSpecification","valueRequired":true,"valueName":"search_term_string"}}],"inLanguage":"en-US"}]}},"_links":{"self":[{"href":"https:\/\/www.meyer-lohne.de\/en\/wp-json\/wp\/v2\/pages\/923","targetHints":{"allow":["GET"]}}],"collection":[{"href":"https:\/\/www.meyer-lohne.de\/en\/wp-json\/wp\/v2\/pages"}],"about":[{"href":"https:\/\/www.meyer-lohne.de\/en\/wp-json\/wp\/v2\/types\/page"}],"author":[{"embeddable":true,"href":"https:\/\/www.meyer-lohne.de\/en\/wp-json\/wp\/v2\/users\/3"}],"replies":[{"embeddable":true,"href":"https:\/\/www.meyer-lohne.de\/en\/wp-json\/wp\/v2\/comments?post=923"}],"version-history":[{"count":1,"href":"https:\/\/www.meyer-lohne.de\/en\/wp-json\/wp\/v2\/pages\/923\/revisions"}],"predecessor-version":[{"id":937,"href":"https:\/\/www.meyer-lohne.de\/en\/wp-json\/wp\/v2\/pages\/923\/revisions\/937"}],"up":[{"embeddable":true,"href":"https:\/\/www.meyer-lohne.de\/en\/wp-json\/wp\/v2\/pages\/921"}],"wp:attachment":[{"href":"https:\/\/www.meyer-lohne.de\/en\/wp-json\/wp\/v2\/media?parent=923"}],"curies":[{"name":"wp","href":"https:\/\/api.w.org\/{rel}","templated":true}]}}